{"id":101,"date":"2017-07-13T09:08:28","date_gmt":"2017-07-13T09:08:28","guid":{"rendered":"http:\/\/thewriter.themes.tvda.pw\/?page_id=101"},"modified":"2017-07-13T09:08:28","modified_gmt":"2017-07-13T09:08:28","slug":"grid-expanded-sidebar","status":"publish","type":"page","link":"https:\/\/blog.iomft.ro\/index.php\/grid-expanded-sidebar\/","title":{"rendered":"Grid: Expanded with SideBar"},"content":{"rendered":"<p>[vc_row][vc_column][rev_slider_vc alias=&#8221;blog-carousel-full-width&#8221;][vc_empty_space height=&#8221;80px&#8221;][\/vc_column][\/vc_row][vc_row][vc_column width=&#8221;3\/4&#8243;]\t\t<div class=\"row js--masonry\">\n\t\t\t<div class=\"col-sm-12 col-xs-12 col-md-6 col-xl-6 col-xxl-4 col-xxxl-3 animate-on-screen js--animate-on-screen\"  style=\"padding-left: px!important; padding-right: px!important\" >\n\t\t\t<article id=\"post-438\" class=\"post-grid grid-child js--post-grid __image post-438 post type-post status-publish format-standard has-post-thumbnail hentry category-fren-lingual\"  style=\"padding-left: px!important; padding-right: px!important\" >\n\n\t\t\t\n\n\t<div class=\"\n\t\tpost-grid_img-w\n\t\t\t\t\tjs--post-grid-with-img\n\t\t\t\"><a href=\"https:\/\/blog.iomft.ro\/index.php\/2025\/09\/15\/frenul-restrictiv-cum-afecteaza-limbajul-alaptarea-inghitirea-si-dezvoltarea-maxilarului\/\" class=\"post-grid_img-lk\" rel=\"bookmark\">\n\t<img loading=\"lazy\" decoding=\"async\" width=\"510\" height=\"340\" src=\"https:\/\/blog.iomft.ro\/wp-content\/uploads\/2025\/09\/fren-5-1-510x340.png\" class=\"post-grid_img wp-post-image\" alt=\"\" title=\"Frenul restrictiv: cum afecteaz\u0103 limbajul, al\u0103ptarea, \u00eenghi\u021birea \u0219i dezvoltarea maxilarului?\" srcset=\"https:\/\/blog.iomft.ro\/wp-content\/uploads\/2025\/09\/fren-5-1-510x340.png 510w, https:\/\/blog.iomft.ro\/wp-content\/uploads\/2025\/09\/fren-5-1-900x600.png 900w\" sizes=\"auto, (max-width: 510px) 100vw, 510px\" \/>\t<\/a><\/div>\n\n\n<a href=\"https:\/\/blog.iomft.ro\/index.php\/2025\/09\/15\/frenul-restrictiv-cum-afecteaza-limbajul-alaptarea-inghitirea-si-dezvoltarea-maxilarului\/\" class=\"post-grid_img_overlay_helper\">\n<\/a>\n<div class=\"post-grid_img_content_helper\">\n\t<div class=\"post-grid_desc-w\">\n\t\t<div class=\"post-grid_cat_helper\">\n\t\t\t\t<div class=\"post-grid_cat post_cat_h\">\n\t\t<a href=\"https:\/\/blog.iomft.ro\/index.php\/category\/fren-lingual\/\" rel=\"category tag\">Fren lingual<\/a>\t<\/div>\n\t\t<\/div>\n\t\t<div class=\"post-grid_h_helper\">\n\t\t\t<header><h2 class=\"post-grid_h\"><a href=\"https:\/\/blog.iomft.ro\/index.php\/2025\/09\/15\/frenul-restrictiv-cum-afecteaza-limbajul-alaptarea-inghitirea-si-dezvoltarea-maxilarului\/\" class=\"post-grid_lk\" rel=\"bookmark\">Frenul restrictiv: cum afecteaz\u0103 limbajul, al\u0103ptarea, \u00eenghi\u021birea \u0219i dezvoltarea maxilarului?<\/a><\/h2><\/header>\t\t<\/div>\n\t<\/div>\n\t<div class=\"post-grid_top_part\">\n\t\t<div class=\"row\">\n\t\t\t<div class=\"col-xs-12\">\n\t\t\t\t<span class=\"post-masonry_author\">IOMFT<\/span>\n\t\t\t\t<span class=\"post-grid_date\">on <time datetime=\"2025-09-15T11:39:08+00:00\">September 15, 2025<\/time><\/span>\t\t\t<\/div>\n\t\t<\/div>\n\t<\/div>\n<\/div>\t\t<\/article>\n\t<\/div>\t<div class=\"col-sm-12 col-xs-12 col-md-6 col-xl-6 col-xxl-4 col-xxxl-3 animate-on-screen js--animate-on-screen\"  style=\"padding-left: px!important; padding-right: px!important\" >\n\t\t\t<article id=\"post-435\" class=\"post-grid grid-child js--post-grid __image post-435 post type-post status-publish format-standard has-post-thumbnail hentry category-fren-lingual\"  style=\"padding-left: px!important; padding-right: px!important\" >\n\n\t\t\t\n\n\t<div class=\"\n\t\tpost-grid_img-w\n\t\t\t\t\tjs--post-grid-with-img\n\t\t\t\"><a href=\"https:\/\/blog.iomft.ro\/index.php\/2025\/09\/15\/exercitii-pre-si-post-frenectomie-de-ce-taierea-frenului-nu-este-de-ajuns\/\" class=\"post-grid_img-lk\" rel=\"bookmark\">\n\t<img loading=\"lazy\" decoding=\"async\" width=\"510\" height=\"340\" src=\"https:\/\/blog.iomft.ro\/wp-content\/uploads\/2025\/09\/fren-7-510x340.png\" class=\"post-grid_img wp-post-image\" alt=\"\" title=\"Exerci\u021bii pre \u0219i post-frenectomie: De ce t\u0103ierea frenului nu este de ajuns?\" srcset=\"https:\/\/blog.iomft.ro\/wp-content\/uploads\/2025\/09\/fren-7-510x340.png 510w, https:\/\/blog.iomft.ro\/wp-content\/uploads\/2025\/09\/fren-7-900x600.png 900w\" sizes=\"auto, (max-width: 510px) 100vw, 510px\" \/>\t<\/a><\/div>\n\n\n<a href=\"https:\/\/blog.iomft.ro\/index.php\/2025\/09\/15\/exercitii-pre-si-post-frenectomie-de-ce-taierea-frenului-nu-este-de-ajuns\/\" class=\"post-grid_img_overlay_helper\">\n<\/a>\n<div class=\"post-grid_img_content_helper\">\n\t<div class=\"post-grid_desc-w\">\n\t\t<div class=\"post-grid_cat_helper\">\n\t\t\t\t<div class=\"post-grid_cat post_cat_h\">\n\t\t<a href=\"https:\/\/blog.iomft.ro\/index.php\/category\/fren-lingual\/\" rel=\"category tag\">Fren lingual<\/a>\t<\/div>\n\t\t<\/div>\n\t\t<div class=\"post-grid_h_helper\">\n\t\t\t<header><h2 class=\"post-grid_h\"><a href=\"https:\/\/blog.iomft.ro\/index.php\/2025\/09\/15\/exercitii-pre-si-post-frenectomie-de-ce-taierea-frenului-nu-este-de-ajuns\/\" class=\"post-grid_lk\" rel=\"bookmark\">Exerci\u021bii pre \u0219i post-frenectomie: De ce t\u0103ierea frenului nu este de ajuns?<\/a><\/h2><\/header>\t\t<\/div>\n\t<\/div>\n\t<div class=\"post-grid_top_part\">\n\t\t<div class=\"row\">\n\t\t\t<div class=\"col-xs-12\">\n\t\t\t\t<span class=\"post-masonry_author\">IOMFT<\/span>\n\t\t\t\t<span class=\"post-grid_date\">on <time datetime=\"2025-09-15T11:19:52+00:00\">September 15, 2025<\/time><\/span>\t\t\t<\/div>\n\t\t<\/div>\n\t<\/div>\n<\/div>\t\t<\/article>\n\t<\/div>\t<div class=\"col-sm-12 col-xs-12 col-md-6 col-xl-6 col-xxl-4 col-xxxl-3 animate-on-screen js--animate-on-screen\"  style=\"padding-left: px!important; padding-right: px!important\" >\n\t\t\t<article id=\"post-428\" class=\"post-grid grid-child js--post-grid __image post-428 post type-post status-publish format-standard has-post-thumbnail hentry category-fren-lingual\"  style=\"padding-left: px!important; padding-right: px!important\" >\n\n\t\t\t\n\n\t<div class=\"\n\t\tpost-grid_img-w\n\t\t\t\t\tjs--post-grid-with-img\n\t\t\t\"><a href=\"https:\/\/blog.iomft.ro\/index.php\/2025\/09\/15\/frenectomia-nu-este-suficienta-de-ce-taierea-frenului-fara-terapie-poate-esua\/\" class=\"post-grid_img-lk\" rel=\"bookmark\">\n\t<img loading=\"lazy\" decoding=\"async\" width=\"510\" height=\"340\" src=\"https:\/\/blog.iomft.ro\/wp-content\/uploads\/2025\/09\/fren-4-510x340.png\" class=\"post-grid_img wp-post-image\" alt=\"\" title=\"Frenectomia nu este suficient\u0103: De ce t\u0103ierea frenului f\u0103r\u0103 terapie poate e\u0219ua?\" srcset=\"https:\/\/blog.iomft.ro\/wp-content\/uploads\/2025\/09\/fren-4-510x340.png 510w, https:\/\/blog.iomft.ro\/wp-content\/uploads\/2025\/09\/fren-4-900x600.png 900w\" sizes=\"auto, (max-width: 510px) 100vw, 510px\" \/>\t<\/a><\/div>\n\n\n<a href=\"https:\/\/blog.iomft.ro\/index.php\/2025\/09\/15\/frenectomia-nu-este-suficienta-de-ce-taierea-frenului-fara-terapie-poate-esua\/\" class=\"post-grid_img_overlay_helper\">\n<\/a>\n<div class=\"post-grid_img_content_helper\">\n\t<div class=\"post-grid_desc-w\">\n\t\t<div class=\"post-grid_cat_helper\">\n\t\t\t\t<div class=\"post-grid_cat post_cat_h\">\n\t\t<a href=\"https:\/\/blog.iomft.ro\/index.php\/category\/fren-lingual\/\" rel=\"category tag\">Fren lingual<\/a>\t<\/div>\n\t\t<\/div>\n\t\t<div class=\"post-grid_h_helper\">\n\t\t\t<header><h2 class=\"post-grid_h\"><a href=\"https:\/\/blog.iomft.ro\/index.php\/2025\/09\/15\/frenectomia-nu-este-suficienta-de-ce-taierea-frenului-fara-terapie-poate-esua\/\" class=\"post-grid_lk\" rel=\"bookmark\">Frenectomia nu este suficient\u0103: De ce t\u0103ierea frenului f\u0103r\u0103 terapie poate e\u0219ua?<\/a><\/h2><\/header>\t\t<\/div>\n\t<\/div>\n\t<div class=\"post-grid_top_part\">\n\t\t<div class=\"row\">\n\t\t\t<div class=\"col-xs-12\">\n\t\t\t\t<span class=\"post-masonry_author\">IOMFT<\/span>\n\t\t\t\t<span class=\"post-grid_date\">on <time datetime=\"2025-09-15T10:47:40+00:00\">September 15, 2025<\/time><\/span>\t\t\t<\/div>\n\t\t<\/div>\n\t<\/div>\n<\/div>\t\t<\/article>\n\t<\/div>\t<div class=\"col-sm-12 col-xs-12 col-md-6 col-xl-6 col-xxl-4 col-xxxl-3 animate-on-screen js--animate-on-screen\"  style=\"padding-left: px!important; padding-right: px!important\" >\n\t\t\t<article id=\"post-422\" class=\"post-grid grid-child js--post-grid __image post-422 post type-post status-publish format-standard has-post-thumbnail hentry category-fren-lingual\"  style=\"padding-left: px!important; padding-right: px!important\" >\n\n\t\t\t\n\n\t<div class=\"\n\t\tpost-grid_img-w\n\t\t\t\t\tjs--post-grid-with-img\n\t\t\t\"><a href=\"https:\/\/blog.iomft.ro\/index.php\/2025\/09\/15\/frenul-lingual-scurt-un-detaliu-ignorat-care-afecteaza-vorbirea-ocluzia-si-dezvoltarea-copilului\/\" class=\"post-grid_img-lk\" rel=\"bookmark\">\n\t<img loading=\"lazy\" decoding=\"async\" width=\"510\" height=\"340\" src=\"https:\/\/blog.iomft.ro\/wp-content\/uploads\/2025\/09\/fren-sublingual-1-510x340.png\" class=\"post-grid_img wp-post-image\" alt=\"\" title=\"Frenul lingual scurt \u2013 un detaliu ignorat care afecteaz\u0103 vorbirea, ocluzia \u0219i dezvoltarea copilului\" srcset=\"https:\/\/blog.iomft.ro\/wp-content\/uploads\/2025\/09\/fren-sublingual-1-510x340.png 510w, https:\/\/blog.iomft.ro\/wp-content\/uploads\/2025\/09\/fren-sublingual-1-900x600.png 900w\" sizes=\"auto, (max-width: 510px) 100vw, 510px\" \/>\t<\/a><\/div>\n\n\n<a href=\"https:\/\/blog.iomft.ro\/index.php\/2025\/09\/15\/frenul-lingual-scurt-un-detaliu-ignorat-care-afecteaza-vorbirea-ocluzia-si-dezvoltarea-copilului\/\" class=\"post-grid_img_overlay_helper\">\n<\/a>\n<div class=\"post-grid_img_content_helper\">\n\t<div class=\"post-grid_desc-w\">\n\t\t<div class=\"post-grid_cat_helper\">\n\t\t\t\t<div class=\"post-grid_cat post_cat_h\">\n\t\t<a href=\"https:\/\/blog.iomft.ro\/index.php\/category\/fren-lingual\/\" rel=\"category tag\">Fren lingual<\/a>\t<\/div>\n\t\t<\/div>\n\t\t<div class=\"post-grid_h_helper\">\n\t\t\t<header><h2 class=\"post-grid_h\"><a href=\"https:\/\/blog.iomft.ro\/index.php\/2025\/09\/15\/frenul-lingual-scurt-un-detaliu-ignorat-care-afecteaza-vorbirea-ocluzia-si-dezvoltarea-copilului\/\" class=\"post-grid_lk\" rel=\"bookmark\">Frenul lingual scurt \u2013 un detaliu ignorat care afecteaz\u0103 vorbirea, ocluzia \u0219i dezvoltarea copilului<\/a><\/h2><\/header>\t\t<\/div>\n\t<\/div>\n\t<div class=\"post-grid_top_part\">\n\t\t<div class=\"row\">\n\t\t\t<div class=\"col-xs-12\">\n\t\t\t\t<span class=\"post-masonry_author\">IOMFT<\/span>\n\t\t\t\t<span class=\"post-grid_date\">on <time datetime=\"2025-09-15T09:56:01+00:00\">September 15, 2025<\/time><\/span>\t\t\t<\/div>\n\t\t<\/div>\n\t<\/div>\n<\/div>\t\t<\/article>\n\t<\/div>\t<div class=\"col-sm-12 col-xs-12 col-md-6 col-xl-6 col-xxl-4 col-xxxl-3 animate-on-screen js--animate-on-screen\"  style=\"padding-left: px!important; padding-right: px!important\" >\n\t\t\t<article id=\"post-415\" class=\"post-grid grid-child js--post-grid __image post-415 post type-post status-publish format-standard has-post-thumbnail hentry category-respiratia-orala category-sforaitul category-sufocarea\"  style=\"padding-left: px!important; padding-right: px!important\" >\n\n\t\t\t\n\n\t<div class=\"\n\t\tpost-grid_img-w\n\t\t\t\t\tjs--post-grid-with-img\n\t\t\t\"><a href=\"https:\/\/blog.iomft.ro\/index.php\/2025\/07\/11\/tot-ce-trebuie-sa-stii-despre-sufocarea-in-somn-de-la-stramosi-la-provocarile-modernitatii\/\" class=\"post-grid_img-lk\" rel=\"bookmark\">\n\t<img loading=\"lazy\" decoding=\"async\" width=\"510\" height=\"340\" src=\"https:\/\/blog.iomft.ro\/wp-content\/uploads\/2025\/07\/copil-dormind-cu-gura-deschisa-2-510x340.png\" class=\"post-grid_img wp-post-image\" alt=\"\" title=\"Tot ce trebuie s\u0103 \u0219tii despre sufocarea \u00een somn: de la str\u0103mo\u0219i la provoc\u0103rile modernit\u0103\u021bii\" srcset=\"https:\/\/blog.iomft.ro\/wp-content\/uploads\/2025\/07\/copil-dormind-cu-gura-deschisa-2-510x340.png 510w, https:\/\/blog.iomft.ro\/wp-content\/uploads\/2025\/07\/copil-dormind-cu-gura-deschisa-2-900x600.png 900w\" sizes=\"auto, (max-width: 510px) 100vw, 510px\" \/>\t<\/a><\/div>\n\n\n<a href=\"https:\/\/blog.iomft.ro\/index.php\/2025\/07\/11\/tot-ce-trebuie-sa-stii-despre-sufocarea-in-somn-de-la-stramosi-la-provocarile-modernitatii\/\" class=\"post-grid_img_overlay_helper\">\n<\/a>\n<div class=\"post-grid_img_content_helper\">\n\t<div class=\"post-grid_desc-w\">\n\t\t<div class=\"post-grid_cat_helper\">\n\t\t\t\t<div class=\"post-grid_cat post_cat_h\">\n\t\t<a href=\"https:\/\/blog.iomft.ro\/index.php\/category\/respiratia-orala\/\" rel=\"category tag\">Respira\u021bia oral\u0103<\/a>, <a href=\"https:\/\/blog.iomft.ro\/index.php\/category\/sforaitul\/\" rel=\"category tag\">Sfor\u0103itul<\/a>, <a href=\"https:\/\/blog.iomft.ro\/index.php\/category\/sufocarea\/\" rel=\"category tag\">Sufocarea<\/a>\t<\/div>\n\t\t<\/div>\n\t\t<div class=\"post-grid_h_helper\">\n\t\t\t<header><h2 class=\"post-grid_h\"><a href=\"https:\/\/blog.iomft.ro\/index.php\/2025\/07\/11\/tot-ce-trebuie-sa-stii-despre-sufocarea-in-somn-de-la-stramosi-la-provocarile-modernitatii\/\" class=\"post-grid_lk\" rel=\"bookmark\">Tot ce trebuie s\u0103 \u0219tii despre sufocarea \u00een somn: de la str\u0103mo\u0219i la provoc\u0103rile modernit\u0103\u021bii<\/a><\/h2><\/header>\t\t<\/div>\n\t<\/div>\n\t<div class=\"post-grid_top_part\">\n\t\t<div class=\"row\">\n\t\t\t<div class=\"col-xs-12\">\n\t\t\t\t<span class=\"post-masonry_author\">IOMFT<\/span>\n\t\t\t\t<span class=\"post-grid_date\">on <time datetime=\"2025-07-11T12:09:17+00:00\">July 11, 2025<\/time><\/span>\t\t\t<\/div>\n\t\t<\/div>\n\t<\/div>\n<\/div>\t\t<\/article>\n\t<\/div>\t<div class=\"col-sm-12 col-xs-12 col-md-6 col-xl-6 col-xxl-4 col-xxxl-3 animate-on-screen js--animate-on-screen\"  style=\"padding-left: px!important; padding-right: px!important\" >\n\t\t\t<article id=\"post-387\" class=\"post-grid grid-child js--post-grid __image post-387 post type-post status-publish format-standard has-post-thumbnail hentry category-respiratia-orala category-sforaitul category-sufocarea\"  style=\"padding-left: px!important; padding-right: px!important\" >\n\n\t\t\t\n\n\t<div class=\"\n\t\tpost-grid_img-w\n\t\t\t\t\tjs--post-grid-with-img\n\t\t\t\"><a href=\"https:\/\/blog.iomft.ro\/index.php\/2025\/07\/11\/sufocarea-in-somn-povestea-unui-semnal-de-alarma\/\" class=\"post-grid_img-lk\" rel=\"bookmark\">\n\t<img loading=\"lazy\" decoding=\"async\" width=\"510\" height=\"340\" src=\"https:\/\/blog.iomft.ro\/wp-content\/uploads\/2025\/07\/copil-dormind-cu-gura-deschisa-1-510x340.png\" class=\"post-grid_img wp-post-image\" alt=\"\" title=\"Sufocarea \u00een somn: povestea unui semnal de alarm\u0103\" srcset=\"https:\/\/blog.iomft.ro\/wp-content\/uploads\/2025\/07\/copil-dormind-cu-gura-deschisa-1-510x340.png 510w, https:\/\/blog.iomft.ro\/wp-content\/uploads\/2025\/07\/copil-dormind-cu-gura-deschisa-1-900x600.png 900w\" sizes=\"auto, (max-width: 510px) 100vw, 510px\" \/>\t<\/a><\/div>\n\n\n<a href=\"https:\/\/blog.iomft.ro\/index.php\/2025\/07\/11\/sufocarea-in-somn-povestea-unui-semnal-de-alarma\/\" class=\"post-grid_img_overlay_helper\">\n<\/a>\n<div class=\"post-grid_img_content_helper\">\n\t<div class=\"post-grid_desc-w\">\n\t\t<div class=\"post-grid_cat_helper\">\n\t\t\t\t<div class=\"post-grid_cat post_cat_h\">\n\t\t<a href=\"https:\/\/blog.iomft.ro\/index.php\/category\/respiratia-orala\/\" rel=\"category tag\">Respira\u021bia oral\u0103<\/a>, <a href=\"https:\/\/blog.iomft.ro\/index.php\/category\/sforaitul\/\" rel=\"category tag\">Sfor\u0103itul<\/a>, <a href=\"https:\/\/blog.iomft.ro\/index.php\/category\/sufocarea\/\" rel=\"category tag\">Sufocarea<\/a>\t<\/div>\n\t\t<\/div>\n\t\t<div class=\"post-grid_h_helper\">\n\t\t\t<header><h2 class=\"post-grid_h\"><a href=\"https:\/\/blog.iomft.ro\/index.php\/2025\/07\/11\/sufocarea-in-somn-povestea-unui-semnal-de-alarma\/\" class=\"post-grid_lk\" rel=\"bookmark\">Sufocarea \u00een somn: povestea unui semnal de alarm\u0103<\/a><\/h2><\/header>\t\t<\/div>\n\t<\/div>\n\t<div class=\"post-grid_top_part\">\n\t\t<div class=\"row\">\n\t\t\t<div class=\"col-xs-12\">\n\t\t\t\t<span class=\"post-masonry_author\">IOMFT<\/span>\n\t\t\t\t<span class=\"post-grid_date\">on <time datetime=\"2025-07-11T11:26:55+00:00\">July 11, 2025<\/time><\/span>\t\t\t<\/div>\n\t\t<\/div>\n\t<\/div>\n<\/div>\t\t<\/article>\n\t<\/div>\t<div class=\"col-sm-12 col-xs-12 col-md-6 col-xl-6 col-xxl-4 col-xxxl-3 animate-on-screen js--animate-on-screen\"  style=\"padding-left: px!important; padding-right: px!important\" >\n\t\t\t<article id=\"post-370\" class=\"post-grid grid-child js--post-grid __image post-370 post type-post status-publish format-standard has-post-thumbnail hentry category-respiratia-orala category-sforaitul category-sufocarea\"  style=\"padding-left: px!important; padding-right: px!important\" >\n\n\t\t\t\n\n\t<div class=\"\n\t\tpost-grid_img-w\n\t\t\t\t\tjs--post-grid-with-img\n\t\t\t\"><a href=\"https:\/\/blog.iomft.ro\/index.php\/2025\/07\/11\/sufocarea-in-somn-sau-apneea-in-somn-la-copii-cum-identificam-simptomele-si-cum-tratam-aceasta-afectiune-ghid-complet-pentru-parinti\/\" class=\"post-grid_img-lk\" rel=\"bookmark\">\n\t<img loading=\"lazy\" decoding=\"async\" width=\"510\" height=\"340\" src=\"https:\/\/blog.iomft.ro\/wp-content\/uploads\/2025\/07\/copil-dormind-cu-gura-deschisa-510x340.png\" class=\"post-grid_img wp-post-image\" alt=\"copil dormind cu gura deschisa\" title=\"Sufocarea \u00een somn, sau Apneea \u00een somn la copii. Cum identificam simptomele \u0219i cum trat\u0103m aceast\u0103 afec\u021biune. Ghid Complet pentru P\u0103rin\u021bi\" \/>\t<\/a><\/div>\n\n\n<a href=\"https:\/\/blog.iomft.ro\/index.php\/2025\/07\/11\/sufocarea-in-somn-sau-apneea-in-somn-la-copii-cum-identificam-simptomele-si-cum-tratam-aceasta-afectiune-ghid-complet-pentru-parinti\/\" class=\"post-grid_img_overlay_helper\">\n<\/a>\n<div class=\"post-grid_img_content_helper\">\n\t<div class=\"post-grid_desc-w\">\n\t\t<div class=\"post-grid_cat_helper\">\n\t\t\t\t<div class=\"post-grid_cat post_cat_h\">\n\t\t<a href=\"https:\/\/blog.iomft.ro\/index.php\/category\/respiratia-orala\/\" rel=\"category tag\">Respira\u021bia oral\u0103<\/a>, <a href=\"https:\/\/blog.iomft.ro\/index.php\/category\/sforaitul\/\" rel=\"category tag\">Sfor\u0103itul<\/a>, <a href=\"https:\/\/blog.iomft.ro\/index.php\/category\/sufocarea\/\" rel=\"category tag\">Sufocarea<\/a>\t<\/div>\n\t\t<\/div>\n\t\t<div class=\"post-grid_h_helper\">\n\t\t\t<header><h2 class=\"post-grid_h\"><a href=\"https:\/\/blog.iomft.ro\/index.php\/2025\/07\/11\/sufocarea-in-somn-sau-apneea-in-somn-la-copii-cum-identificam-simptomele-si-cum-tratam-aceasta-afectiune-ghid-complet-pentru-parinti\/\" class=\"post-grid_lk\" rel=\"bookmark\">Sufocarea \u00een somn, sau Apneea \u00een somn la copii. Cum identificam simptomele \u0219i cum trat\u0103m aceast\u0103 afec\u021biune. Ghid Complet pentru P\u0103rin\u021bi<\/a><\/h2><\/header>\t\t<\/div>\n\t<\/div>\n\t<div class=\"post-grid_top_part\">\n\t\t<div class=\"row\">\n\t\t\t<div class=\"col-xs-12\">\n\t\t\t\t<span class=\"post-masonry_author\">IOMFT<\/span>\n\t\t\t\t<span class=\"post-grid_date\">on <time datetime=\"2025-07-11T10:08:55+00:00\">July 11, 2025<\/time><\/span>\t\t\t<\/div>\n\t\t<\/div>\n\t<\/div>\n<\/div>\t\t<\/article>\n\t<\/div>\t<div class=\"col-sm-12 col-xs-12 col-md-6 col-xl-6 col-xxl-4 col-xxxl-3 animate-on-screen js--animate-on-screen\"  style=\"padding-left: px!important; padding-right: px!important\" >\n\t\t\t<article id=\"post-353\" class=\"post-grid grid-child js--post-grid __image post-353 post type-post status-publish format-standard has-post-thumbnail hentry category-respiratia-orala category-sforaitul category-sufocarea\"  style=\"padding-left: px!important; padding-right: px!important\" >\n\n\t\t\t\n\n\t<div class=\"\n\t\tpost-grid_img-w\n\t\t\t\t\tjs--post-grid-with-img\n\t\t\t\"><a href=\"https:\/\/blog.iomft.ro\/index.php\/2025\/07\/11\/sufocarea-in-somn-sau-apneea-obstructiva-la-copii-un-simptom-cu-cauze-si-un-impact-complexe-asupra-dezvoltarii-viitorului-adult\/\" class=\"post-grid_img-lk\" rel=\"bookmark\">\n\t<img loading=\"lazy\" decoding=\"async\" width=\"510\" height=\"340\" src=\"https:\/\/blog.iomft.ro\/wp-content\/uploads\/2025\/07\/sufocarea-in-somn-510x340.png\" class=\"post-grid_img wp-post-image\" alt=\"Apneea in somn\" title=\"Sufocarea \u00een somn sau apneea obstructiv\u0103 la copii, un simptom cu cauze \u0219i un impact complexe asupra dezvolt\u0103rii viitorului adult.\" \/>\t<\/a><\/div>\n\n\n<a href=\"https:\/\/blog.iomft.ro\/index.php\/2025\/07\/11\/sufocarea-in-somn-sau-apneea-obstructiva-la-copii-un-simptom-cu-cauze-si-un-impact-complexe-asupra-dezvoltarii-viitorului-adult\/\" class=\"post-grid_img_overlay_helper\">\n<\/a>\n<div class=\"post-grid_img_content_helper\">\n\t<div class=\"post-grid_desc-w\">\n\t\t<div class=\"post-grid_cat_helper\">\n\t\t\t\t<div class=\"post-grid_cat post_cat_h\">\n\t\t<a href=\"https:\/\/blog.iomft.ro\/index.php\/category\/respiratia-orala\/\" rel=\"category tag\">Respira\u021bia oral\u0103<\/a>, <a href=\"https:\/\/blog.iomft.ro\/index.php\/category\/sforaitul\/\" rel=\"category tag\">Sfor\u0103itul<\/a>, <a href=\"https:\/\/blog.iomft.ro\/index.php\/category\/sufocarea\/\" rel=\"category tag\">Sufocarea<\/a>\t<\/div>\n\t\t<\/div>\n\t\t<div class=\"post-grid_h_helper\">\n\t\t\t<header><h2 class=\"post-grid_h\"><a href=\"https:\/\/blog.iomft.ro\/index.php\/2025\/07\/11\/sufocarea-in-somn-sau-apneea-obstructiva-la-copii-un-simptom-cu-cauze-si-un-impact-complexe-asupra-dezvoltarii-viitorului-adult\/\" class=\"post-grid_lk\" rel=\"bookmark\">Sufocarea \u00een somn sau apneea obstructiv\u0103 la copii, un simptom cu cauze \u0219i un impact complexe asupra dezvolt\u0103rii viitorului adult.<\/a><\/h2><\/header>\t\t<\/div>\n\t<\/div>\n\t<div class=\"post-grid_top_part\">\n\t\t<div class=\"row\">\n\t\t\t<div class=\"col-xs-12\">\n\t\t\t\t<span class=\"post-masonry_author\">IOMFT<\/span>\n\t\t\t\t<span class=\"post-grid_date\">on <time datetime=\"2025-07-11T09:49:42+00:00\">July 11, 2025<\/time><\/span>\t\t\t<\/div>\n\t\t<\/div>\n\t<\/div>\n<\/div>\t\t<\/article>\n\t<\/div>\t\t<\/div>\n\t\t[\/vc_column][vc_column width=&#8221;1\/4&#8243;][vc_widget_sidebar sidebar_id=&#8221;sidebar_right&#8221;][\/vc_column][\/vc_row]<\/p>\n","protected":false},"excerpt":{"rendered":"<p>[vc_row][vc_column][rev_slider_vc alias=&#8221;blog-carousel-full-width&#8221;][vc_empty_space height=&#8221;80px&#8221;][\/vc_column][\/vc_row][vc_row][vc_column width=&#8221;3\/4&#8243;][\/vc_column][vc_column width=&#8221;1\/4&#8243;][vc_widget_sidebar sidebar_id=&#8221;sidebar_right&#8221;][\/vc_column][\/vc_row]<\/p>\n","protected":false},"author":1,"featured_media":0,"parent":0,"menu_order":0,"comment_status":"closed","ping_status":"closed","template":"","meta":{"_acf_changed":false,"footnotes":""},"class_list":["post-101","page","type-page","status-publish","hentry"],"acf":[],"yoast_head":"<!-- This site is optimized with the Yoast SEO plugin v24.6 - https:\/\/yoast.com\/wordpress\/plugins\/seo\/ -->\n<title>Grid: Expanded with SideBar - Blog IOMFT<\/title>\n<meta name=\"robots\" content=\"noindex, follow, max-snippet:-1, max-image-preview:large, max-video-preview:-1\" \/>\n<meta property=\"og:locale\" content=\"en_US\" \/>\n<meta property=\"og:type\" content=\"article\" \/>\n<meta property=\"og:title\" content=\"Grid: Expanded with SideBar - Blog IOMFT\" \/>\n<meta property=\"og:description\" content=\"[vc_row][vc_column][rev_slider_vc alias=&#8221;blog-carousel-full-width&#8221;][vc_empty_space height=&#8221;80px&#8221;][\/vc_column][\/vc_row][vc_row][vc_column width=&#8221;3\/4&#8243;][\/vc_column][vc_column width=&#8221;1\/4&#8243;][vc_widget_sidebar sidebar_id=&#8221;sidebar_right&#8221;][\/vc_column][\/vc_row]\" \/>\n<meta property=\"og:url\" content=\"https:\/\/blog.iomft.ro\/index.php\/grid-expanded-sidebar\/\" \/>\n<meta property=\"og:site_name\" content=\"Blog IOMFT\" \/>\n<meta name=\"twitter:card\" content=\"summary_large_image\" \/>\n<script type=\"application\/ld+json\" class=\"yoast-schema-graph\">{\"@context\":\"https:\/\/schema.org\",\"@graph\":[{\"@type\":\"WebPage\",\"@id\":\"https:\/\/blog.iomft.ro\/index.php\/grid-expanded-sidebar\/\",\"url\":\"https:\/\/blog.iomft.ro\/index.php\/grid-expanded-sidebar\/\",\"name\":\"Grid: Expanded with SideBar - Blog IOMFT\",\"isPartOf\":{\"@id\":\"https:\/\/blog.iomft.ro\/#website\"},\"datePublished\":\"2017-07-13T09:08:28+00:00\",\"breadcrumb\":{\"@id\":\"https:\/\/blog.iomft.ro\/index.php\/grid-expanded-sidebar\/#breadcrumb\"},\"inLanguage\":\"en-US\",\"potentialAction\":[{\"@type\":\"ReadAction\",\"target\":[\"https:\/\/blog.iomft.ro\/index.php\/grid-expanded-sidebar\/\"]}]},{\"@type\":\"BreadcrumbList\",\"@id\":\"https:\/\/blog.iomft.ro\/index.php\/grid-expanded-sidebar\/#breadcrumb\",\"itemListElement\":[{\"@type\":\"ListItem\",\"position\":1,\"name\":\"Home\",\"item\":\"https:\/\/blog.iomft.ro\/\"},{\"@type\":\"ListItem\",\"position\":2,\"name\":\"Grid: Expanded with SideBar\"}]},{\"@type\":\"WebSite\",\"@id\":\"https:\/\/blog.iomft.ro\/#website\",\"url\":\"https:\/\/blog.iomft.ro\/\",\"name\":\"Blog IOMFT\",\"description\":\"\",\"potentialAction\":[{\"@type\":\"SearchAction\",\"target\":{\"@type\":\"EntryPoint\",\"urlTemplate\":\"https:\/\/blog.iomft.ro\/?s={search_term_string}\"},\"query-input\":{\"@type\":\"PropertyValueSpecification\",\"valueRequired\":true,\"valueName\":\"search_term_string\"}}],\"inLanguage\":\"en-US\"}]}<\/script>\n<!-- \/ Yoast SEO plugin. -->","yoast_head_json":{"title":"Grid: Expanded with SideBar - Blog IOMFT","robots":{"index":"noindex","follow":"follow","max-snippet":"max-snippet:-1","max-image-preview":"max-image-preview:large","max-video-preview":"max-video-preview:-1"},"og_locale":"en_US","og_type":"article","og_title":"Grid: Expanded with SideBar - Blog IOMFT","og_description":"[vc_row][vc_column][rev_slider_vc alias=&#8221;blog-carousel-full-width&#8221;][vc_empty_space height=&#8221;80px&#8221;][\/vc_column][\/vc_row][vc_row][vc_column width=&#8221;3\/4&#8243;][\/vc_column][vc_column width=&#8221;1\/4&#8243;][vc_widget_sidebar sidebar_id=&#8221;sidebar_right&#8221;][\/vc_column][\/vc_row]","og_url":"https:\/\/blog.iomft.ro\/index.php\/grid-expanded-sidebar\/","og_site_name":"Blog IOMFT","twitter_card":"summary_large_image","schema":{"@context":"https:\/\/schema.org","@graph":[{"@type":"WebPage","@id":"https:\/\/blog.iomft.ro\/index.php\/grid-expanded-sidebar\/","url":"https:\/\/blog.iomft.ro\/index.php\/grid-expanded-sidebar\/","name":"Grid: Expanded with SideBar - Blog IOMFT","isPartOf":{"@id":"https:\/\/blog.iomft.ro\/#website"},"datePublished":"2017-07-13T09:08:28+00:00","breadcrumb":{"@id":"https:\/\/blog.iomft.ro\/index.php\/grid-expanded-sidebar\/#breadcrumb"},"inLanguage":"en-US","potentialAction":[{"@type":"ReadAction","target":["https:\/\/blog.iomft.ro\/index.php\/grid-expanded-sidebar\/"]}]},{"@type":"BreadcrumbList","@id":"https:\/\/blog.iomft.ro\/index.php\/grid-expanded-sidebar\/#breadcrumb","itemListElement":[{"@type":"ListItem","position":1,"name":"Home","item":"https:\/\/blog.iomft.ro\/"},{"@type":"ListItem","position":2,"name":"Grid: Expanded with SideBar"}]},{"@type":"WebSite","@id":"https:\/\/blog.iomft.ro\/#website","url":"https:\/\/blog.iomft.ro\/","name":"Blog IOMFT","description":"","potentialAction":[{"@type":"SearchAction","target":{"@type":"EntryPoint","urlTemplate":"https:\/\/blog.iomft.ro\/?s={search_term_string}"},"query-input":{"@type":"PropertyValueSpecification","valueRequired":true,"valueName":"search_term_string"}}],"inLanguage":"en-US"}]}},"_links":{"self":[{"href":"https:\/\/blog.iomft.ro\/index.php\/wp-json\/wp\/v2\/pages\/101","targetHints":{"allow":["GET"]}}],"collection":[{"href":"https:\/\/blog.iomft.ro\/index.php\/wp-json\/wp\/v2\/pages"}],"about":[{"href":"https:\/\/blog.iomft.ro\/index.php\/wp-json\/wp\/v2\/types\/page"}],"author":[{"embeddable":true,"href":"https:\/\/blog.iomft.ro\/index.php\/wp-json\/wp\/v2\/users\/1"}],"replies":[{"embeddable":true,"href":"https:\/\/blog.iomft.ro\/index.php\/wp-json\/wp\/v2\/comments?post=101"}],"version-history":[{"count":0,"href":"https:\/\/blog.iomft.ro\/index.php\/wp-json\/wp\/v2\/pages\/101\/revisions"}],"wp:attachment":[{"href":"https:\/\/blog.iomft.ro\/index.php\/wp-json\/wp\/v2\/media?parent=101"}],"curies":[{"name":"wp","href":"https:\/\/api.w.org\/{rel}","templated":true}]}}