{"id":70,"date":"2017-07-13T08:05:34","date_gmt":"2017-07-13T08:05:34","guid":{"rendered":"http:\/\/thewriter.themes.tvda.pw\/?page_id=70"},"modified":"2017-07-13T08:05:34","modified_gmt":"2017-07-13T08:05:34","slug":"masonry-expanded-sidebar","status":"publish","type":"page","link":"https:\/\/blog.iomft.ro\/index.php\/masonry-expanded-sidebar\/","title":{"rendered":"Masonry: Expanded with SideBar"},"content":{"rendered":"<p>[vc_row][vc_column][rev_slider_vc alias=&#8221;blog-carousel-full-width&#8221;][vc_empty_space height=&#8221;80px&#8221;][\/vc_column][\/vc_row][vc_row][vc_column width=&#8221;3\/4&#8243;]\t\t<div class=\"row js--masonry\">\n\t\t\t<div class=\"col-sm-12 col-xs-12 col-md-6 col-xl-6 col-xxl-4 col-xxxl-3 animate-on-screen js--animate-on-screen\"  style=\"padding-left: px!important; padding-right: px!important\" >\n\t\t\t<article id=\"post-438\" class=\"post-masonry __layout_masonry __standard post-438 post type-post status-publish format-standard has-post-thumbnail hentry category-fren-lingual\" style=\" margin: px;   height: px!important; \">\n\t\t\t\n<a href=\"https:\/\/blog.iomft.ro\/index.php\/2025\/09\/15\/frenul-restrictiv-cum-afecteaza-limbajul-alaptarea-inghitirea-si-dezvoltarea-maxilarului\/\" title=\"Frenul restrictiv: cum afecteaz\u0103 limbajul, al\u0103ptarea, \u00eenghi\u021birea \u0219i dezvoltarea maxilarului?\" class=\"post-masonry_img-lk\">\n\t\t\t\t<img loading=\"lazy\" decoding=\"async\" width=\"510\" height=\"340\" src=\"https:\/\/blog.iomft.ro\/wp-content\/uploads\/2025\/09\/fren-5-1-510x340.png\" class=\"post-masonry_img wp-post-image\" alt=\"\" title=\"Frenul restrictiv: cum afecteaz\u0103 limbajul, al\u0103ptarea, \u00eenghi\u021birea \u0219i dezvoltarea maxilarului?\" srcset=\"https:\/\/blog.iomft.ro\/wp-content\/uploads\/2025\/09\/fren-5-1-510x340.png 510w, https:\/\/blog.iomft.ro\/wp-content\/uploads\/2025\/09\/fren-5-1-900x600.png 900w\" sizes=\"auto, (max-width: 510px) 100vw, 510px\" \/>\t\t\t<\/a>\n<div class=\"post-masonry_desc-w\">\n\t\t<div class=\"post-masonry_cat post_cat_h\">\n\t\t<a href=\"https:\/\/blog.iomft.ro\/index.php\/category\/fren-lingual\/\" rel=\"category tag\">Fren lingual<\/a>\t<\/div>\n\n\t<header><h2 class=\"post-masonry_h\"><a href=\"https:\/\/blog.iomft.ro\/index.php\/2025\/09\/15\/frenul-restrictiv-cum-afecteaza-limbajul-alaptarea-inghitirea-si-dezvoltarea-maxilarului\/\" class=\"post-grid_lk\" rel=\"bookmark\">Frenul restrictiv: cum afecteaz\u0103 limbajul, al\u0103ptarea, \u00eenghi\u021birea \u0219i dezvoltarea maxilarului?<\/a><\/h2><\/header>\n\n\n\t<div class=\"post-masonry_desc\">\n\t\t\nCe este frenul lingual restrictiv?\n\n\n\nUn fren lingual restrictiv \u2014 adic\u0103 o bucat\u0103 de \u021besut prea scurt\u0103 sau groas\u0103 sub limb\u0103 \u2014 poate p\u0103rea un detaliu minor la na\u0219tere. Dar acest mic obstacol are efecte majore asupra s\u0103n\u0103t\u0103\u021bii copilului, \u00eencep\u00e2nd cu primele zile de via\u021b\u0103.\n\n\n\nPrezen\u021ba acestui \u021besut nu trebuie ignorat\u0103 deoarece are implica\u021bii semnificative \u00een toate perioadele de cre\u0219tere ale copilului. \u00cenl\u0103turarea c\u00e2t mai rapid\u0103 a acestuia \u0219i re\u00eenv\u0103\u021barea mi\u0219c\u0103rilor limbii, realizate c\u00e2t mai devreme \u00een evolu\u021bia copilului ne scap\u0103 de foarte multe probleme conexe legate de dezvoltarea s\u0103n\u0103toas\u0103 a acestuia.\n\n\n\n\n\n\n\n\u00cen perioada neonatal\u0103\n\n\n\n\u00cen perioada neonatal\u0103, frenul restrictiv poate provoca:\n\n\n\n\ndificult\u0103\u021bi de ata\u0219are la s\u00e2n,\n\n\n\nal\u0103ptare dureroas\u0103 pentru mam\u0103,\n\n\n\ne\u0219ec \u00een cre\u0219terea \u00een greutate a bebelu\u0219ului.\n\n\n\n\n\u00cen perioada copil\u0103riei \n\n\n\nMai t\u00e2rziu, copilul poate \u00eent\u00e2mpina dificult\u0103\u021bi de:\n\n\n\n\narticulare corect\u0103 a sunetelor,\n\n\n\nmestecare eficient\u0103,\n\n\n\n\u00eenghi\u021bire corect\u0103 (f\u0103r\u0103 impuls compensator bucal sau cervical),\n\n\n\npozi\u021bionare corect\u0103 a limbii \u00een repaus (pe palat).\n\n\n\n\n\n\n\n\n\n\n\n\n\u00cen concluzie\n\n\n\nToate aceste func\u021bii afectate au impact direct asupra dezvolt\u0103rii maxilarului superior, care r\u0103m\u00e2ne \u00eengust dac\u0103 limba nu exercit\u0103 presiune asupra palatului. De aici pornesc probleme ortodontice majore: din\u021bi \u00eenghesui\u021bi, respira\u021bie oral\u0103, mu\u0219c\u0103tur\u0103 incorect\u0103.\n\n\n\nFrenul restrictiv este u\u0219or de trecut cu vederea \u2014 pentru c\u0103 mul\u021bi copii \u201ecompenseaz\u0103\u201d cu musculatura fe\u021bei sau g\u00e2tului. Dar aceste compens\u0103ri nu \u00eenseamn\u0103 c\u0103 func\u021bia este normal\u0103. Din contr\u0103, pot duce la postur\u0103 incorect\u0103, tensiuni cronice, tulbur\u0103ri de somn \u0219i oboseal\u0103.\n\n\n\nEvaluarea frenului trebuie f\u0103cut\u0103 de un specialist instruit \u00een miofunc\u021bionalitate, nu doar vizual, ci prin testarea mi\u0219c\u0103rilor limbii, suptului \u0219i \u00eenghi\u021birii. \u00cen unele cazuri, frenectomia (t\u0103ierea frenului) este indicat\u0103, dar doar ca parte a unui protocol complet, cu exerci\u021bii pre \u0219i postoperatorii.\n\n\n\n\n\n\n\nCe este IOMFT?\n\n\n\nIOMFT (Institutul de Ortoposturologie \u0219i Terapie Orofacial\u0103 Miofunc\u021bional\u0103 din Rom\u00e2nia)&nbsp;este un centru interdisciplinar dedicat preven\u021biei \u0219i tratamentului tulbur\u0103rilor respiratorii \u0219i miofunc\u021bionale la copii. Prin reunirea speciali\u0219tilor din domenii precum ORL, ortodon\u021bie, terapie miofunc\u021bional\u0103, logopedie, pediatrie, kinetoterapie \u0219i osteopatie, IOMFT promoveaz\u0103 o abordare integrat\u0103 a s\u0103n\u0103t\u0103\u021bii copilului.Scopul principal al institutului este de a oferi solu\u021bii \u0219i educa\u021bie, at\u00e2t p\u0103rin\u021bilor, c\u00e2t \u0219i medicilor, pentru a recunoa\u0219te \u0219i trata din timp apneea de somn \u0219i alte disfunc\u021bii. \u00cen acest fel, IOMFT contribuie la cre\u0219terea copiilor \u00eentr-un mediu propice dezvolt\u0103rii armonioase, evit\u00e2nd complica\u021biile de lung\u0103 durat\u0103 cauzate de problemele de respira\u021bie pe timpul nop\u021bii. Centrul organizeaz\u0103 cursuri, ateliere \u0219i sesiuni de instruire pentru a disemina informa\u021bii actuale \u0219i practici eficiente.\n\n\n\nAbordarea IOMFT\n\n\n\nIOMFT pune accent pe&nbsp;preven\u021bie&nbsp;\u0219i identificarea semnelor timpurii ale apneei de somn \u0219i ale altor disfunc\u021bii respiratorii. Echipa institutului colaboreaz\u0103 pentru a stabili un plan terapeutic personalizat, adaptat nevoilor fiec\u0103rui copil. Prin evalu\u0103ri complexe (care urm\u0103resc respira\u021bia, postura, istoricul medical \u0219i obiceiurile zilnice), speciali\u0219tii contureaz\u0103 harta complet\u0103 a pacientului \u0219i propun solu\u021bii integrate: de la terapia miofunc\u021bional\u0103 \u0219i ortodon\u021bie interceptiv\u0103, p\u00e2n\u0103 la igien\u0103 nazal\u0103 \u0219i educa\u021bie parental\u0103. Abordarea IOMFT se bazeaz\u0103 pe colaborarea dintre diferite ramuri medicale, av\u00e2nd ca obiectiv final o cre\u0219tere \u0219i dezvoltare echilibrat\u0103 a copiilor.\n\n\n\nCe ai de facut?\n\n\n\nSuntem al\u0103turi de fiecare p\u0103rinte \u0219i \u00een cadrul acestei platforme vei g\u0103si toate informa\u021biile \u0219i pa\u0219ii pe care \u00eei ai de parcurs pentru a rezolva problemele sau a forma deprinderile s\u0103n\u0103toase ale celui mic.\n\n\n\nPrimul pas este s\u0103 verifici acest chestionar \u0219i s\u0103 ne contactezi.\n\n\n\n\u00cen urma evalu\u0103rii r\u0103spunsurilor tale, te vom contactacta \u0219i \u00ee\u021bi vom prezenta observa\u021bile noastre \u0219i care sunt pa\u0219ii urm\u0103tori\n\n\n\n\n\t<\/div>\n\n\t<div class=\"post-masonry_top_part bottom_posts_expanded\">\n\t\t<div class=\"row\">\n\t\t\t\t\t\t\t<div class=\"col-xs-12\">\n\t\t\t\t\t<span class=\"post-masonry_author\">IOMFT<\/span>\n\t\t\t\t\t<span class=\"post-masonry_date\">on <time datetime=\"2025-09-15T11:39:08+00:00\">September 15, 2025<\/time><\/span>\n\t\t\t\t<\/div>\n\t\t\t\t\t<\/div>\n\t<\/div>\n<\/div>\n\n\t\t\t<\/article>\n\t<\/div>\t<div class=\"col-sm-12 col-xs-12 col-md-6 col-xl-6 col-xxl-4 col-xxxl-3 animate-on-screen js--animate-on-screen\"  style=\"padding-left: px!important; padding-right: px!important\" >\n\t\t\t<article id=\"post-435\" class=\"post-masonry __layout_masonry __standard post-435 post type-post status-publish format-standard has-post-thumbnail hentry category-fren-lingual\" style=\" margin: px;   height: px!important; \">\n\t\t\t\n<a href=\"https:\/\/blog.iomft.ro\/index.php\/2025\/09\/15\/exercitii-pre-si-post-frenectomie-de-ce-taierea-frenului-nu-este-de-ajuns\/\" title=\"Exerci\u021bii pre \u0219i post-frenectomie: De ce t\u0103ierea frenului nu este de ajuns?\" class=\"post-masonry_img-lk\">\n\t\t\t\t<img loading=\"lazy\" decoding=\"async\" width=\"510\" height=\"340\" src=\"https:\/\/blog.iomft.ro\/wp-content\/uploads\/2025\/09\/fren-7-510x340.png\" class=\"post-masonry_img wp-post-image\" alt=\"\" title=\"Exerci\u021bii pre \u0219i post-frenectomie: De ce t\u0103ierea frenului nu este de ajuns?\" srcset=\"https:\/\/blog.iomft.ro\/wp-content\/uploads\/2025\/09\/fren-7-510x340.png 510w, https:\/\/blog.iomft.ro\/wp-content\/uploads\/2025\/09\/fren-7-900x600.png 900w\" sizes=\"auto, (max-width: 510px) 100vw, 510px\" \/>\t\t\t<\/a>\n<div class=\"post-masonry_desc-w\">\n\t\t<div class=\"post-masonry_cat post_cat_h\">\n\t\t<a href=\"https:\/\/blog.iomft.ro\/index.php\/category\/fren-lingual\/\" rel=\"category tag\">Fren lingual<\/a>\t<\/div>\n\n\t<header><h2 class=\"post-masonry_h\"><a href=\"https:\/\/blog.iomft.ro\/index.php\/2025\/09\/15\/exercitii-pre-si-post-frenectomie-de-ce-taierea-frenului-nu-este-de-ajuns\/\" class=\"post-grid_lk\" rel=\"bookmark\">Exerci\u021bii pre \u0219i post-frenectomie: De ce t\u0103ierea frenului nu este de ajuns?<\/a><\/h2><\/header>\n\n\n\t<div class=\"post-masonry_desc\">\n\t\t\nLocul limbii conteaz\u0103 mai mult dec\u00e2t crezi\n\n\n\nPoate nu \u021bi-a spus nimeni p\u00e2n\u0103 acum, dar limba ta are un loc natural de repaus \u2013 \u0219i nu e pe din\u021bii de jos sau \u00een fundul gurii. Pozi\u021bia corect\u0103 este cu v\u00e2rful limbii \u00een spatele incisivilor superiori \u0219i cu toat\u0103 suprafa\u021ba limbii lipit\u0103 de palat (cerul gurii). Asta \u00eenseamn\u0103 sprijin, echilibru, o respira\u021bie corect\u0103 \u0219i o dezvoltare armonioas\u0103 a fe\u021bei.\n\n\n\nC\u00e2nd frenul lingual este prea scurt (ankyloglossia), limba nu poate ajunge \u00een pozi\u021bia ei fiziologic\u0103. Apare compensarea: respira\u021bie oral\u0103, postur\u0103 vicioas\u0103, \u00eenghi\u021bire infantil\u0103, sfor\u0103it \u0219i dezechilibre musculare.\n\n\n\nFrenectomia este doar \u00eenceputul\n\n\n\nFrenectomia \u2013 fie cu laser, fie clasic\u0103 \u2013 elibereaz\u0103 mi\u0219carea limbii. Dar dac\u0103 nu o \u00eenve\u021bi ce s\u0103 fac\u0103 cu noua sa libertate, ea se va \u00eentoarce la vechile tipare. Tocmai de aceea, exerci\u021biile miofunc\u021bionale sunt esen\u021biale \u00eenainte \u0219i dup\u0103 interven\u021bie. Ele activeaz\u0103 musculatura, \u00eentind frenul \u00een timpul vindec\u0103rii \u0219i previn formarea unei cicatrici retractile.\n\n\n\n\n\n\n\nProgram de exerci\u021bii miofunc\u021bionale: 15 minute pe zi, 3 sesiuni\n\n\n\nToate exerci\u021biile se fac \u00een fa\u021ba oglinzii, cu buzele u\u0219or \u00eenchise, mu\u0219c\u0103tura pe din\u021bii din spate, respira\u021bie nazal\u0103 \u0219i spatele drept. Se repet\u0103 de 15 ori fiecare, de 3 ori pe zi, timp de minimum o lun\u0103. Se pot \u00eencepe cu 2 s\u0103pt\u0103m\u00e2ni \u00eenainte de frenectomie \u0219i se continu\u0103 minim 4 s\u0103pt\u0103m\u00e2ni postoperator.\n\n\n\n\ud83c\udf00 Exerci\u021biile \u2013 pas cu pas:\n\n\n\n1. Pozi\u021bia de repaus Ridic\u0103 limba \u00een spatele din\u021bilor de sus \u0219i lipe\u0219te-o de palat. \u021aine 10 secunde.\u27a1\ufe0f Scop: antrenarea pozi\u021biei corecte a limbii.\n\n\n\n2. Alunecare palatal\u0103 Lipe\u0219te limba sus, apoi gliseaz-o din fa\u021b\u0103 spre spate, c\u00e2t mai profund.\u27a1\ufe0f Scop: mobilitate \u0219i \u00eentindere fren.\n\n\n\n3. Click-ul lingual Deschide gura, lipe\u0219te limba sus, inspir\u0103 u\u0219or pe gur\u0103, apoi deschide c\u00e2t po\u021bi f\u0103r\u0103 a dezlipi limba. \u021aine 5 sec. \u0219i apoi d\u0103 drumul limbii cu un sunet de \u201eclick\u201d.\u27a1\ufe0f Scop: \u00eentindere activ\u0103 a frenului, eliberare miofascial\u0103.\n\n\n\n4. \u00centindere vertical\u0103 Lipe\u0219te limba sus, deschide gura c\u00e2t po\u021bi, f\u0103r\u0103 a o dezlipi.\u27a1\ufe0f Scop: testarea \u0219i cre\u0219terea elasticit\u0103\u021bii postoperatorii.\n\n\n\n5. Limba lat\u0103 \u0219i limba s\u0103geat\u0103 Scoate limba lat\u0103, apoi str\u00e2nge-o ca o s\u0103geat\u0103. Respir\u0103 doar pe nas.\u27a1\ufe0f Scop: tonifiere, control muscular.\n\n\n\n6. Rota\u021bii orale Cu gura \u00eenchis\u0103, rote\u0219te limba circular prin obraji.\u27a1\ufe0f Scop: mobilitate lateral\u0103, activare global\u0103.\n\n\n\n7. Exerci\u021biu cu rezisten\u021b\u0103 Pune limba sus \u0219i deschide \u0219i \u00eenchide gura f\u0103r\u0103 s\u0103 \u00eempingi limba \u00een din\u021bi. Po\u021bi folosi un elastic ortodontic ca rezisten\u021b\u0103.\u27a1\ufe0f Scop: \u00eent\u0103rirea pozi\u021biei limbii.\n\n\n\n8. 4 direc\u021bii \u2013 nas, b\u0103rbie, obraji Scoate limba \u0219i mi\u0219c-o \u00een sus (c\u0103tre nas), jos (c\u0103tre b\u0103rbie), st\u00e2nga \u0219i dreapta.\u27a1\ufe0f Scop: control direc\u021bional, simetrie muscular\u0103.\n\n\n\n\n\n\n\nDe ce func\u021bioneaz\u0103 aceste exerci\u021bii?\n\n\n\nPentru c\u0103 lucreaz\u0103 to\u021bi mu\u0219chii implica\u021bi \u00een:\n\n\n\n\npozi\u021bionarea limbii,\n\n\n\n\u00eenghi\u021bire,\n\n\n\nvorbire,\n\n\n\nrespira\u021bie nazal\u0103,\n\n\n\ndezvoltare facial\u0103 corect\u0103.\n\n\n\n\nEle refac tiparul func\u021bional care a fost compromis de ankyloglossie. Ghideaz\u0103 limba s\u0103 re\u00eenve\u021be postura corect\u0103, \u00eent\u0103resc musculatura \u0219i previn recidiva.\n\n\n\n\n\n\n\nConcluzie\n\n\n\nFrenectomia este o cheie, dar nu deschide toate u\u0219ile f\u0103r\u0103 exerci\u021bii. F\u0103r\u0103 un program bine condus, rezultatele pot fi minime sau temporare. Cu exerci\u021bii miofunc\u021bionale constante, sprijinite de un specialist, interven\u021bia devine complet\u0103, iar copilul (sau adultul) \u00eenva\u021b\u0103 s\u0103 respire, s\u0103 \u00eenghit\u0103 \u0219i s\u0103 vorbeasc\u0103 a\u0219a cum corpul a fost construit s\u0103 o fac\u0103.\n\n\n\nDespre noi\n\n\n\nCe este IOMFT?\n\n\n\nIOMFT (Institutul de Ortoposturologie \u0219i Terapie Orofacial\u0103 Miofunc\u021bional\u0103 din Rom\u00e2nia)&nbsp;este un centru interdisciplinar dedicat preven\u021biei \u0219i tratamentului tulbur\u0103rilor respiratorii \u0219i miofunc\u021bionale la copii. Prin reunirea speciali\u0219tilor din domenii precum ORL, ortodon\u021bie, terapie miofunc\u021bional\u0103, logopedie, pediatrie, kinetoterapie \u0219i osteopatie, IOMFT promoveaz\u0103 o abordare integrat\u0103 a s\u0103n\u0103t\u0103\u021bii copilului.Scopul principal al institutului este de a oferi solu\u021bii \u0219i educa\u021bie, at\u00e2t p\u0103rin\u021bilor, c\u00e2t \u0219i medicilor, pentru a recunoa\u0219te \u0219i trata din timp apneea de somn \u0219i alte disfunc\u021bii. \u00cen acest fel, IOMFT contribuie la cre\u0219terea copiilor \u00eentr-un mediu propice dezvolt\u0103rii armonioase, evit\u00e2nd complica\u021biile de lung\u0103 durat\u0103 cauzate de problemele de respira\u021bie pe timpul nop\u021bii. Centrul organizeaz\u0103 cursuri, ateliere \u0219i sesiuni de instruire pentru a disemina informa\u021bii actuale \u0219i practici eficiente.\n\n\n\nAbordarea IOMFT\n\n\n\nIOMFT pune accent pe&nbsp;preven\u021bie&nbsp;\u0219i identificarea semnelor timpurii ale apneei de somn \u0219i ale altor disfunc\u021bii respiratorii. Echipa institutului colaboreaz\u0103 pentru a stabili un plan terapeutic personalizat, adaptat nevoilor fiec\u0103rui copil. Prin evalu\u0103ri complexe (care urm\u0103resc respira\u021bia, postura, istoricul medical \u0219i obiceiurile zilnice), speciali\u0219tii contureaz\u0103 harta complet\u0103 a pacientului \u0219i propun solu\u021bii integrate: de la terapia miofunc\u021bional\u0103 \u0219i ortodon\u021bie interceptiv\u0103, p\u00e2n\u0103 la igien\u0103 nazal\u0103 \u0219i educa\u021bie parental\u0103. Abordarea IOMFT se bazeaz\u0103 pe colaborarea dintre diferite ramuri medicale, av\u00e2nd ca obiectiv final o cre\u0219tere \u0219i dezvoltare echilibrat\u0103 a copiilor.\n\n\n\nProcedurile multidisciplinare\n\n\n\n\u00cen cazul copiilor cu apnee de somn, o singur\u0103 specialitate nu poate acoperi toate aspectele problemei. De aceea, IOMFT reune\u0219te exper\u021bi care s\u0103 colaboreze str\u00e2ns: ORL-i\u0219ti pentru probleme anatomice (polipi, amigdalite), ortodon\u021bi pentru corec\u021bia maxilarului \u0219i alinierea dentar\u0103, terapeu\u021bi miofunc\u021bionali pentru reeducarea respira\u021biei, kinetoterapeu\u021bi \u0219i osteopa\u021bi pentru optimizarea posturii \u0219i, nu \u00een ultimul r\u00e2nd, pediatri \u0219i consultan\u021bi \u00een lacta\u021bie care s\u0103 monitorizeze dezvoltarea copilului. Aceast\u0103 abordare global\u0103 \u0219i integrat\u0103 asigur\u0103 un tratament eficient \u0219i durabil, prevenind posibilele complica\u021bii \u0219i \u00eembun\u0103t\u0103\u021bind calitatea vie\u021bii copiilor cu apnee obstructiv\u0103 de somn.\n\n\n\nCe ai de facut?\n\n\n\nSuntem al\u0103turi de fiecare p\u0103rinte \u0219i \u00een cadrul acestei platforme vei g\u0103si toate informa\u021biile \u0219i pa\u0219ii pe care \u00eei ai de parcurs pentru a rezolva problemele sau a forma deprinderile s\u0103n\u0103toase ale celui mic.\n\n\n\nPrimul pas este s\u0103 verifici acest chestionar \u0219i s\u0103 ne contactezi. \n\n\n\n\u00cen urma evalu\u0103rii r\u0103spunsurilor tale, te vom contactacta \u0219i \u00ee\u021bi vom prezenta observa\u021bile noastre \u0219i care sunt pa\u0219ii urm\u0103tori\n\n\n\n\n\t<\/div>\n\n\t<div class=\"post-masonry_top_part bottom_posts_expanded\">\n\t\t<div class=\"row\">\n\t\t\t\t\t\t\t<div class=\"col-xs-12\">\n\t\t\t\t\t<span class=\"post-masonry_author\">IOMFT<\/span>\n\t\t\t\t\t<span class=\"post-masonry_date\">on <time datetime=\"2025-09-15T11:19:52+00:00\">September 15, 2025<\/time><\/span>\n\t\t\t\t<\/div>\n\t\t\t\t\t<\/div>\n\t<\/div>\n<\/div>\n\n\t\t\t<\/article>\n\t<\/div>\t<div class=\"col-sm-12 col-xs-12 col-md-6 col-xl-6 col-xxl-4 col-xxxl-3 animate-on-screen js--animate-on-screen\"  style=\"padding-left: px!important; padding-right: px!important\" >\n\t\t\t<article id=\"post-428\" class=\"post-masonry __layout_masonry __standard post-428 post type-post status-publish format-standard has-post-thumbnail hentry category-fren-lingual\" style=\" margin: px;   height: px!important; \">\n\t\t\t\n<a href=\"https:\/\/blog.iomft.ro\/index.php\/2025\/09\/15\/frenectomia-nu-este-suficienta-de-ce-taierea-frenului-fara-terapie-poate-esua\/\" title=\"Frenectomia nu este suficient\u0103: De ce t\u0103ierea frenului f\u0103r\u0103 terapie poate e\u0219ua?\" class=\"post-masonry_img-lk\">\n\t\t\t\t<img loading=\"lazy\" decoding=\"async\" width=\"510\" height=\"340\" src=\"https:\/\/blog.iomft.ro\/wp-content\/uploads\/2025\/09\/fren-4-510x340.png\" class=\"post-masonry_img wp-post-image\" alt=\"\" title=\"Frenectomia nu este suficient\u0103: De ce t\u0103ierea frenului f\u0103r\u0103 terapie poate e\u0219ua?\" srcset=\"https:\/\/blog.iomft.ro\/wp-content\/uploads\/2025\/09\/fren-4-510x340.png 510w, https:\/\/blog.iomft.ro\/wp-content\/uploads\/2025\/09\/fren-4-900x600.png 900w\" sizes=\"auto, (max-width: 510px) 100vw, 510px\" \/>\t\t\t<\/a>\n<div class=\"post-masonry_desc-w\">\n\t\t<div class=\"post-masonry_cat post_cat_h\">\n\t\t<a href=\"https:\/\/blog.iomft.ro\/index.php\/category\/fren-lingual\/\" rel=\"category tag\">Fren lingual<\/a>\t<\/div>\n\n\t<header><h2 class=\"post-masonry_h\"><a href=\"https:\/\/blog.iomft.ro\/index.php\/2025\/09\/15\/frenectomia-nu-este-suficienta-de-ce-taierea-frenului-fara-terapie-poate-esua\/\" class=\"post-grid_lk\" rel=\"bookmark\">Frenectomia nu este suficient\u0103: De ce t\u0103ierea frenului f\u0103r\u0103 terapie poate e\u0219ua?<\/a><\/h2><\/header>\n\n\n\t<div class=\"post-masonry_desc\">\n\t\t\nDe ce vorbim tot mai des despre frenectomie?\n\n\n\nFrenectomia lingual\u0103 \u2014 interven\u021bia prin care se taie frenul sublingual atunci c\u00e2nd acesta restric\u021bioneaz\u0103 mi\u0219carea limbii \u2014 a devenit tot mai frecvent\u0103, \u00een special la copii. Este asociat\u0103 cu probleme de al\u0103ptare, vorbire, mastica\u021bie, respira\u021bie oral\u0103, tulbur\u0103ri de somn \u0219i chiar modific\u0103ri ale posturii corporale. Cu toate acestea, t\u0103ierea frenului nu este, \u00een sine, un tratament complet. Afl\u0103 aici care sunt informa\u021biile de baz\u0103 legate de frenul lingual.\n\n\n\n\n\n\n\nFrenul este doar v\u00e2rful icebergului\n\n\n\n\u00cen spatele unui fren scurt (ankyloglossie) se ascund adesea:\n\n\n\n\nobiceiuri vicioase (respira\u021bie oral\u0103, \u00eenghi\u021bire atipic\u0103),\n\n\n\nlipsa tonusului muscular lingual,\n\n\n\ncompens\u0103ri musculare (\u00een zona g\u00e2tului, umerilor, mandibulei),\n\n\n\ndezvoltare craniofacial\u0103 afectat\u0103.\n\n\n\n\nDoar sec\u021bionarea frenului, f\u0103r\u0103 evaluare func\u021bional\u0103 \u0219i f\u0103r\u0103 reeducare, las\u0103 \u00een urm\u0103 aceste probleme. Pe termen lung, pot ap\u0103rea recidive, cicatrici restrictive, dificult\u0103\u021bi de adaptare \u0219i lipsa rezultatelor scontate.\n\n\n\n\n\n\n\nCe ne spune \u0219tiin\u021ba: un protocol complet schimb\u0103 rezultatul\n\n\n\nUnul dintre cele mai mari studii din domeniu, publicat de Zaghi et al. \u00een Laryngoscope Investigative Otolaryngology, a analizat 348 de cazuri de frenectomie efectuate \u00eempreun\u0103 cu terapie miofunc\u021bional\u0103. Rezultatele au fost remarcabile:\n\n\n\n\n91% rat\u0103 de satisfac\u021bie;\n\n\n\n87% \u00eembun\u0103t\u0103\u021bire a calit\u0103\u021bii vie\u021bii, inclusiv \u00een:\n\nrespira\u021bie nazal\u0103 (78%),\n\n\n\nsfor\u0103it (73%),\n\n\n\ndureri musculare miofasciale (77%),\n\n\n\nbruxism (91%).\n\n\n\n\n\n\nCei care au urmat doar t\u0103ierea frenului, f\u0103r\u0103 preg\u0103tire \u0219i f\u0103r\u0103 reeducare, au prezentat rate mai mari de complica\u021bii, dureri, recidive \u0219i nevoia de revizie chirurgical\u0103.\n\n\n\nCe presupune un protocol corect?\n\n\n\n\nEvaluare func\u021bional\u0103 preoperatorie \u2013 nu doar forma frenului conteaz\u0103, ci \u0219i func\u021bia limbii, compens\u0103rile \u0219i respira\u021bia.\n\n\n\nTerapie miofunc\u021bional\u0103 preoperatorie \u2013 preg\u0103te\u0219te mu\u0219chii limbii \u0219i ai fe\u021bei pentru mi\u0219c\u0103rile postoperatorii corecte.\n\n\n\nInterven\u021bia chirurgical\u0103 adaptat\u0103 \u2013 nu doar o t\u0103ietur\u0103 de suprafa\u021b\u0103, ci o eliberare profund\u0103, ghidat\u0103 de func\u021bie.\n\n\n\n\nTerapie postoperatorie personalizat\u0103 \u2013 pentru a preveni cicatrizarea restrictiv\u0103, a forma noi tipare musculare \u0219i a fixa beneficiile.\n\n\n\nDe ce e\u0219ueaz\u0103 t\u0103ierea simpl\u0103 a frenului?\n\n\n\nPentru c\u0103 limba nu a \u00eenv\u0103\u021bat niciodat\u0103 cum s\u0103 se mi\u0219te corect. F\u0103r\u0103 exerci\u021bii, ea revine \u00een pozi\u021bia gre\u0219it\u0103. F\u0103r\u0103 reeducare, r\u0103nile pot cicatriza inadecvat. F\u0103r\u0103 abordare func\u021bional\u0103, problema revine \u2013 uneori mai grav\u0103 dec\u00e2t \u00eenainte.\n\n\n\n\n\n\n\nConcluzie: Tai, dar \u0219i \u00eenve\u021bi s\u0103 folose\u0219ti\n\n\n\nFrenectomia este doar o parte a tratamentului. Pentru a reda adev\u0103rata libertate limbii \u2014 adic\u0103 respira\u021bie corect\u0103, \u00eenghi\u021bire fiziologic\u0103, vorbire clar\u0103, somn lini\u0219tit \u2014 e nevoie de un protocol complet care \u00eembin\u0103 evaluarea, interven\u021bia \u0219i reeducarea. Doar a\u0219a putem transforma o simpl\u0103 procedur\u0103 \u00eentr-o solu\u021bie real\u0103 de s\u0103n\u0103tate.\n\n\n\nDespre noi \n\n\n\nCe este IOMFT?\n\n\n\nIOMFT (Institutul de Ortoposturologie \u0219i Terapie Orofacial\u0103 Miofunc\u021bional\u0103 din Rom\u00e2nia)&nbsp;este un centru interdisciplinar dedicat preven\u021biei \u0219i tratamentului tulbur\u0103rilor respiratorii \u0219i miofunc\u021bionale la copii. Prin reunirea speciali\u0219tilor din domenii precum ORL, ortodon\u021bie, terapie miofunc\u021bional\u0103, logopedie, pediatrie, kinetoterapie \u0219i osteopatie, IOMFT promoveaz\u0103 o abordare integrat\u0103 a s\u0103n\u0103t\u0103\u021bii copilului.Scopul principal al institutului este de a oferi solu\u021bii \u0219i educa\u021bie, at\u00e2t p\u0103rin\u021bilor, c\u00e2t \u0219i medicilor, pentru a recunoa\u0219te \u0219i trata din timp apneea de somn \u0219i alte disfunc\u021bii. \u00cen acest fel, IOMFT contribuie la cre\u0219terea copiilor \u00eentr-un mediu propice dezvolt\u0103rii armonioase, evit\u00e2nd complica\u021biile de lung\u0103 durat\u0103 cauzate de problemele de respira\u021bie pe timpul nop\u021bii. Centrul organizeaz\u0103 cursuri, ateliere \u0219i sesiuni de instruire pentru a disemina informa\u021bii actuale \u0219i practici eficiente.\n\n\n\nAbordarea IOMFT\n\n\n\nIOMFT pune accent pe&nbsp;preven\u021bie&nbsp;\u0219i identificarea semnelor timpurii ale apneei de somn \u0219i ale altor disfunc\u021bii respiratorii. Echipa institutului colaboreaz\u0103 pentru a stabili un plan terapeutic personalizat, adaptat nevoilor fiec\u0103rui copil. Prin evalu\u0103ri complexe (care urm\u0103resc respira\u021bia, postura, istoricul medical \u0219i obiceiurile zilnice), speciali\u0219tii contureaz\u0103 harta complet\u0103 a pacientului \u0219i propun solu\u021bii integrate: de la terapia miofunc\u021bional\u0103 \u0219i ortodon\u021bie interceptiv\u0103, p\u00e2n\u0103 la igien\u0103 nazal\u0103 \u0219i educa\u021bie parental\u0103. Abordarea IOMFT se bazeaz\u0103 pe colaborarea dintre diferite ramuri medicale, av\u00e2nd ca obiectiv final o cre\u0219tere \u0219i dezvoltare echilibrat\u0103 a copiilor.\n\n\n\nProcedurile multidisciplinare\n\n\n\n\u00cen cazul copiilor cu apnee de somn, o singur\u0103 specialitate nu poate acoperi toate aspectele problemei. De aceea, IOMFT reune\u0219te exper\u021bi care s\u0103 colaboreze str\u00e2ns: ORL-i\u0219ti pentru probleme anatomice (polipi, amigdalite), ortodon\u021bi pentru corec\u021bia maxilarului \u0219i alinierea dentar\u0103, terapeu\u021bi miofunc\u021bionali pentru reeducarea respira\u021biei, kinetoterapeu\u021bi \u0219i osteopa\u021bi pentru optimizarea posturii \u0219i, nu \u00een ultimul r\u00e2nd, pediatri \u0219i consultan\u021bi \u00een lacta\u021bie care s\u0103 monitorizeze dezvoltarea copilului. Aceast\u0103 abordare global\u0103 \u0219i integrat\u0103 asigur\u0103 un tratament eficient \u0219i durabil, prevenind posibilele complica\u021bii \u0219i \u00eembun\u0103t\u0103\u021bind calitatea vie\u021bii copiilor cu apnee obstructiv\u0103 de somn.\n\n\n\nCe ai de facut?\n\n\n\nSuntem al\u0103turi de fiecare p\u0103rinte \u0219i \u00een cadrul acestei platforme vei g\u0103si toate informa\u021biile \u0219i pa\u0219ii pe care \u00eei ai de parcurs pentru a rezolva problemele sau a forma deprinderile s\u0103n\u0103toase ale celui mic.\n\n\n\nPrimul pas este s\u0103 verifici acest chestionar \u0219i s\u0103 ne contactezi. \n\n\n\n\u00cen urma evalu\u0103rii r\u0103spunsurilor tale, te vom contactacta \u0219i \u00ee\u021bi vom prezenta observa\u021bile noastre \u0219i care sunt pa\u0219ii urm\u0103tori\n\n\n\n\n\t<\/div>\n\n\t<div class=\"post-masonry_top_part bottom_posts_expanded\">\n\t\t<div class=\"row\">\n\t\t\t\t\t\t\t<div class=\"col-xs-12\">\n\t\t\t\t\t<span class=\"post-masonry_author\">IOMFT<\/span>\n\t\t\t\t\t<span class=\"post-masonry_date\">on <time datetime=\"2025-09-15T10:47:40+00:00\">September 15, 2025<\/time><\/span>\n\t\t\t\t<\/div>\n\t\t\t\t\t<\/div>\n\t<\/div>\n<\/div>\n\n\t\t\t<\/article>\n\t<\/div>\t<div class=\"col-sm-12 col-xs-12 col-md-6 col-xl-6 col-xxl-4 col-xxxl-3 animate-on-screen js--animate-on-screen\"  style=\"padding-left: px!important; padding-right: px!important\" >\n\t\t\t<article id=\"post-422\" class=\"post-masonry __layout_masonry __standard post-422 post type-post status-publish format-standard has-post-thumbnail hentry category-fren-lingual\" style=\" margin: px;   height: px!important; \">\n\t\t\t\n<a href=\"https:\/\/blog.iomft.ro\/index.php\/2025\/09\/15\/frenul-lingual-scurt-un-detaliu-ignorat-care-afecteaza-vorbirea-ocluzia-si-dezvoltarea-copilului\/\" title=\"Frenul lingual scurt \u2013 un detaliu ignorat care afecteaz\u0103 vorbirea, ocluzia \u0219i dezvoltarea copilului\" class=\"post-masonry_img-lk\">\n\t\t\t\t<img loading=\"lazy\" decoding=\"async\" width=\"510\" height=\"340\" src=\"https:\/\/blog.iomft.ro\/wp-content\/uploads\/2025\/09\/fren-sublingual-1-510x340.png\" class=\"post-masonry_img wp-post-image\" alt=\"\" title=\"Frenul lingual scurt \u2013 un detaliu ignorat care afecteaz\u0103 vorbirea, ocluzia \u0219i dezvoltarea copilului\" srcset=\"https:\/\/blog.iomft.ro\/wp-content\/uploads\/2025\/09\/fren-sublingual-1-510x340.png 510w, https:\/\/blog.iomft.ro\/wp-content\/uploads\/2025\/09\/fren-sublingual-1-900x600.png 900w\" sizes=\"auto, (max-width: 510px) 100vw, 510px\" \/>\t\t\t<\/a>\n<div class=\"post-masonry_desc-w\">\n\t\t<div class=\"post-masonry_cat post_cat_h\">\n\t\t<a href=\"https:\/\/blog.iomft.ro\/index.php\/category\/fren-lingual\/\" rel=\"category tag\">Fren lingual<\/a>\t<\/div>\n\n\t<header><h2 class=\"post-masonry_h\"><a href=\"https:\/\/blog.iomft.ro\/index.php\/2025\/09\/15\/frenul-lingual-scurt-un-detaliu-ignorat-care-afecteaza-vorbirea-ocluzia-si-dezvoltarea-copilului\/\" class=\"post-grid_lk\" rel=\"bookmark\">Frenul lingual scurt \u2013 un detaliu ignorat care afecteaz\u0103 vorbirea, ocluzia \u0219i dezvoltarea copilului<\/a><\/h2><\/header>\n\n\n\t<div class=\"post-masonry_desc\">\n\t\t\n\u0218tia\u021bi c\u0103 un fren sublingual scurt (ankyloglosia) poate fi responsabil pentru dificult\u0103\u021bi de vorbire, malocluzie dentar\u0103 \u0219i probleme de degluti\u021bie? De\u0219i este adesea trecut cu vederea, acest detaliu anatomic joac\u0103 un rol esen\u021bial \u00een dezvoltarea armonioas\u0103 a copiilor \u0219i \u00een s\u0103n\u0103tatea oral\u0103 general\u0103.\n\n\n\nUn studiu recent intitulat \u201eInfluence of Shortened Tongue Frenulum on Tongue Mobility, Speech and Occlusion\u201d, publicat \u00een Journal of Clinical Medicine (2023), a analizat impactul frenului lingual scurt asupra func\u021biilor orale de baz\u0103: vorbirea, degluti\u021bia, pozi\u021bia limbii \u0219i ocluzia dentar\u0103, \u00een r\u00e2ndul a 172 de pacien\u021bi cu v\u00e2rste \u00eentre 5 \u0219i 60 de ani.\n\n\n\nCe este frenul lingual \u0219i cum poate afecta s\u0103n\u0103tatea?\n\n\n\n\n\nFrenul lingual este o band\u0103 sub\u021bire de \u021besut care leag\u0103 partea inferioar\u0103 a limbii de plan\u0219eul bucal. C\u00e2nd acest fren este prea scurt sau gros, limba nu se poate mi\u0219ca liber, ceea ce poate perturba func\u021bii esen\u021biale:\n\n\n\n\ncopilul nu poate ridica limba \u00een timpul vorbirii;\n\n\n\nnu poate atinge palatul pentru a \u00eenghi\u021bi corect;\n\n\n\n\u00ee\u0219i men\u021bine limba jos, afect\u00e2nd respira\u021bia, pozi\u021bia maxilarului \u0219i mu\u0219c\u0103tura.\n\n\n\n\nAceast\u0103 afec\u021biune poart\u0103 numele de ankyloglosie sau \u201elimb\u0103 ancorat\u0103\u201d.\n\n\n\nCe au descoperit cercet\u0103torii?\n\n\n\n\n\n\n\n\u00cen compara\u021bie cu persoanele cu fren normal, cei cu ankiloglosie prezentau:\n\n\n\n\u2705 De 3 ori mai multe tulbur\u0103ri de degluti\u021bie infantil\u0103 \u2013 \u00een loc s\u0103 \u00eenghit\u0103 corect cu limba pe cerul gurii, ace\u0219tia foloseau un model infantil, \u00eemping\u00e2nd limba \u00eentre din\u021bi.\n\n\n\n\u2705 Peste 70% dintre cei cu fren sever aveau mobilitate redus\u0103 a limbii, afect\u00e2nd func\u021biile oro-faciale normale.\n\n\n\n\u2705 Aproape 50% prezentau tulbur\u0103ri de vorbire, \u00een special dificult\u0103\u021bi \u00een pronun\u021bia consoanei \u201er\u201d (rhotacism) sau a sunetelor \u201es\u201d \u0219i \u201e\u0219\u201d (lisping).\n\n\n\n\u2705 Malocluzia (pozi\u021bionarea gre\u0219it\u0103 a din\u021bilor) a fost identificat\u0103 la 62% dintre pacien\u021bii cu fren scurt, comparativ cu doar 21% \u00een grupul de control.\n\n\n\nCe riscuri implic\u0103 un fren lingual netratat?\n\n\n\nUn fren sublingual scurt, netratat la timp, poate conduce la:\n\n\n\n\nVorbire defectuoas\u0103 \u0219i frustr\u0103ri sociale la copii;\n\n\n\n\u00cenghesuiri dentare, mu\u0219c\u0103tur\u0103 deschis\u0103 sau ocluzie incorect\u0103;\n\n\n\nRespira\u021bie oral\u0103 cronic\u0103;\n\n\n\n\nTulbur\u0103ri miofunc\u021bionale care afecteaz\u0103 mastica\u021bia, somnul \u0219i dezvoltarea postural\u0103.\n\n\n\n\n\n\n\nDe ce este important s\u0103 ac\u021bion\u0103m devreme?\n\n\n\nUn fren lingual scurt poate p\u0103rea un detaliu minor, dar impactul s\u0103u asupra dezvolt\u0103rii copilului este profund \u0219i cumulativ. L\u0103sat netratat, poate influen\u021ba totul: de la respira\u021bie \u0219i somn p\u00e2n\u0103 la vorbire, ocluzie \u0219i \u00eencrederea \u00een sine.\n\n\n\nScreeningul precoce \u0219i educa\u021bia func\u021bional\u0103 pot preveni tratamente complexe mai t\u00e2rziu.\n\n\n\n\n\n\n\nConcluzie\n\n\n\nNu subestima\u021bi puterea unui fren sublingual aparent banal. Evaluarea \u0219i tratamentul corect pot transforma func\u021bia, dezvoltarea cranio-facial\u0103 \u0219i calitatea vie\u021bii copilului.\n\n\n\nUn copil care \u00eenghite corect, vorbe\u0219te clar \u0219i respir\u0103 bine este un copil care se dezvolt\u0103 armonios.\n\n\n\n\n\nCe este IOMFT?\n\n\n\nIOMFT (Institutul de Ortoposturologie \u0219i Terapie Orofacial\u0103 Miofunc\u021bional\u0103 din Rom\u00e2nia)&nbsp;este un centru interdisciplinar dedicat preven\u021biei \u0219i tratamentului tulbur\u0103rilor respiratorii \u0219i miofunc\u021bionale la copii. Prin reunirea speciali\u0219tilor din domenii precum ORL, ortodon\u021bie, terapie miofunc\u021bional\u0103, logopedie, pediatrie, kinetoterapie \u0219i osteopatie, IOMFT promoveaz\u0103 o abordare integrat\u0103 a s\u0103n\u0103t\u0103\u021bii copilului.Scopul principal al institutului este de a oferi solu\u021bii \u0219i educa\u021bie, at\u00e2t p\u0103rin\u021bilor, c\u00e2t \u0219i medicilor, pentru a recunoa\u0219te \u0219i trata din timp apneea de somn \u0219i alte disfunc\u021bii. \u00cen acest fel, IOMFT contribuie la cre\u0219terea copiilor \u00eentr-un mediu propice dezvolt\u0103rii armonioase, evit\u00e2nd complica\u021biile de lung\u0103 durat\u0103 cauzate de problemele de respira\u021bie pe timpul nop\u021bii. Centrul organizeaz\u0103 cursuri, ateliere \u0219i sesiuni de instruire pentru a disemina informa\u021bii actuale \u0219i practici eficiente.\n\n\n\nAbordarea IOMFT\n\n\n\nIOMFT pune accent pe&nbsp;preven\u021bie&nbsp;\u0219i identificarea semnelor timpurii ale apneei de somn \u0219i ale altor disfunc\u021bii respiratorii. Echipa institutului colaboreaz\u0103 pentru a stabili un plan terapeutic personalizat, adaptat nevoilor fiec\u0103rui copil. Prin evalu\u0103ri complexe (care urm\u0103resc respira\u021bia, postura, istoricul medical \u0219i obiceiurile zilnice), speciali\u0219tii contureaz\u0103 harta complet\u0103 a pacientului \u0219i propun solu\u021bii integrate: de la terapia miofunc\u021bional\u0103 \u0219i ortodon\u021bie interceptiv\u0103, p\u00e2n\u0103 la igien\u0103 nazal\u0103 \u0219i educa\u021bie parental\u0103. Abordarea IOMFT se bazeaz\u0103 pe colaborarea dintre diferite ramuri medicale, av\u00e2nd ca obiectiv final o cre\u0219tere \u0219i dezvoltare echilibrat\u0103 a copiilor.\n\n\n\nProcedurile multidisciplinare\n\n\n\n\u00cen cazul copiilor cu apnee de somn, o singur\u0103 specialitate nu poate acoperi toate aspectele problemei. De aceea, IOMFT reune\u0219te exper\u021bi care s\u0103 colaboreze str\u00e2ns: ORL-i\u0219ti pentru probleme anatomice (polipi, amigdalite), ortodon\u021bi pentru corec\u021bia maxilarului \u0219i alinierea dentar\u0103, terapeu\u021bi miofunc\u021bionali pentru reeducarea respira\u021biei, kinetoterapeu\u021bi \u0219i osteopa\u021bi pentru optimizarea posturii \u0219i, nu \u00een ultimul r\u00e2nd, pediatri \u0219i consultan\u021bi \u00een lacta\u021bie care s\u0103 monitorizeze dezvoltarea copilului. Aceast\u0103 abordare global\u0103 \u0219i integrat\u0103 asigur\u0103 un tratament eficient \u0219i durabil, prevenind posibilele complica\u021bii \u0219i \u00eembun\u0103t\u0103\u021bind calitatea vie\u021bii copiilor cu apnee obstructiv\u0103 de somn.\n\n\n\nCe ai de facut?\n\n\n\nSuntem al\u0103turi de fiecare p\u0103rinte \u0219i \u00een cadrul acestei platforme vei g\u0103si toate informa\u021biile \u0219i pa\u0219ii pe care \u00eei ai de parcurs pentru a rezolva problemele sau a forma deprinderile s\u0103n\u0103toase ale celui mic.\n\n\n\nPrimul pas este s\u0103 r\u0103spunzi la acest chestionar \u0219i s\u0103 ne contactezi. \n\n\n\n\u00cen urma evalu\u0103rii r\u0103spunsurilor tale, te vom contactacta \u0219i \u00ee\u021bi vom prezenta observa\u021bile noastre \u0219i care sunt pa\u0219ii urm\u0103tori \n\n\n\n\n\t<\/div>\n\n\t<div class=\"post-masonry_top_part bottom_posts_expanded\">\n\t\t<div class=\"row\">\n\t\t\t\t\t\t\t<div class=\"col-xs-12\">\n\t\t\t\t\t<span class=\"post-masonry_author\">IOMFT<\/span>\n\t\t\t\t\t<span class=\"post-masonry_date\">on <time datetime=\"2025-09-15T09:56:01+00:00\">September 15, 2025<\/time><\/span>\n\t\t\t\t<\/div>\n\t\t\t\t\t<\/div>\n\t<\/div>\n<\/div>\n\n\t\t\t<\/article>\n\t<\/div>\t<div class=\"col-sm-12 col-xs-12 col-md-6 col-xl-6 col-xxl-4 col-xxxl-3 animate-on-screen js--animate-on-screen\"  style=\"padding-left: px!important; padding-right: px!important\" >\n\t\t\t<article id=\"post-415\" class=\"post-masonry __layout_masonry __standard post-415 post type-post status-publish format-standard has-post-thumbnail hentry category-respiratia-orala category-sforaitul category-sufocarea\" style=\" margin: px;   height: px!important; \">\n\t\t\t\n<a href=\"https:\/\/blog.iomft.ro\/index.php\/2025\/07\/11\/tot-ce-trebuie-sa-stii-despre-sufocarea-in-somn-de-la-stramosi-la-provocarile-modernitatii\/\" title=\"Tot ce trebuie s\u0103 \u0219tii despre sufocarea \u00een somn: de la str\u0103mo\u0219i la provoc\u0103rile modernit\u0103\u021bii\" class=\"post-masonry_img-lk\">\n\t\t\t\t<img loading=\"lazy\" decoding=\"async\" width=\"510\" height=\"340\" src=\"https:\/\/blog.iomft.ro\/wp-content\/uploads\/2025\/07\/copil-dormind-cu-gura-deschisa-2-510x340.png\" class=\"post-masonry_img wp-post-image\" alt=\"\" title=\"Tot ce trebuie s\u0103 \u0219tii despre sufocarea \u00een somn: de la str\u0103mo\u0219i la provoc\u0103rile modernit\u0103\u021bii\" srcset=\"https:\/\/blog.iomft.ro\/wp-content\/uploads\/2025\/07\/copil-dormind-cu-gura-deschisa-2-510x340.png 510w, https:\/\/blog.iomft.ro\/wp-content\/uploads\/2025\/07\/copil-dormind-cu-gura-deschisa-2-900x600.png 900w\" sizes=\"auto, (max-width: 510px) 100vw, 510px\" \/>\t\t\t<\/a>\n<div class=\"post-masonry_desc-w\">\n\t\t<div class=\"post-masonry_cat post_cat_h\">\n\t\t<a href=\"https:\/\/blog.iomft.ro\/index.php\/category\/respiratia-orala\/\" rel=\"category tag\">Respira\u021bia oral\u0103<\/a>, <a href=\"https:\/\/blog.iomft.ro\/index.php\/category\/sforaitul\/\" rel=\"category tag\">Sfor\u0103itul<\/a>, <a href=\"https:\/\/blog.iomft.ro\/index.php\/category\/sufocarea\/\" rel=\"category tag\">Sufocarea<\/a>\t<\/div>\n\n\t<header><h2 class=\"post-masonry_h\"><a href=\"https:\/\/blog.iomft.ro\/index.php\/2025\/07\/11\/tot-ce-trebuie-sa-stii-despre-sufocarea-in-somn-de-la-stramosi-la-provocarile-modernitatii\/\" class=\"post-grid_lk\" rel=\"bookmark\">Tot ce trebuie s\u0103 \u0219tii despre sufocarea \u00een somn: de la str\u0103mo\u0219i la provoc\u0103rile modernit\u0103\u021bii<\/a><\/h2><\/header>\n\n\n\t<div class=\"post-masonry_desc\">\n\t\t\nEvolu\u021bia unei amenin\u021b\u0103ri t\u0103cute.\n\n\n\n\u00cen trecut, oamenii aveau structuri faciale mai largi \u0219i c\u0103i respiratorii nazale generoase, care permiteau un flux natural de aer \u0219i un somn odihnitor. Cu revolu\u021bia industrial\u0103 \u0219i schimb\u0103rile din dieta modern\u0103 \u2013 mai moale, mai procesat\u0103, lipsit\u0103 de alimente ce implic\u0103 mastica\u021bie viguroas\u0103 \u2013 fe\u021bele noastre au \u00eenceput s\u0103 se alungeasc\u0103, maxilarele s-au \u00eengustat, iar sinusurile nu s-au mai dezvoltat la fel de bine. Aceast\u0103 transformare face ca tot mai mul\u021bi dintre noi, adul\u021bi \u0219i copii, s\u0103 aib\u0103 c\u0103i respiratorii par\u021bial blocate sau insuficient dezvoltate.\n\n\n\n\n\n\n\nCum apare sufocarea \u00een somn?\n\n\n\n\nRelaxarea excesiv\u0103 a mu\u0219chilor g\u00e2tului \u0219i ai limbii: \u00cen timpul somnului profund, ace\u0219ti mu\u0219chi cedeaz\u0103, iar limba poate aluneca spre spate, \u00eengust\u00e2nd pasajul respirator.\n\n\n\nAnatomie facial\u0103 modificat\u0103: Maxilarele \u00eenguste, palate \u00eenalte \u0219i sinusuri mici \u00eencurajeaz\u0103 respira\u021bia pe gur\u0103 \u0219i predispun la colaps par\u021bial al c\u0103ilor aeriene.\n\n\n\n\nConsecin\u021ba? Corpul intr\u0103 pentru scurt timp \u00een stare de \u201ealert\u0103\u201d, cauzat\u0103 de lipsa oxigenului. Creierul reac\u021bioneaz\u0103, semnal\u00e2nd \u201etrezirea\u201d printr-un oftat puternic, adesea perceput ca un moment de sufocare.\n\n\n\n\n\n\n\nDe ce este at\u00e2t de periculoas\u0103?\n\n\n\n\nTulburarea somnului profund: Episoadele repetate de blocaj respirator \u0219i trezire for\u021bat\u0103 fragmenteaz\u0103 somnul, \u00eempiedic\u00e2nd organismul s\u0103 intre \u00een fazele de regenerare (somn NREM profund \u0219i REM).\n\n\n\nEfectele asupra creierului: La copii, lipsa de oxigenare adecvat\u0103 \u0219i somnul discontinuu pot perturba dezvoltarea cortexului prefrontal, zona responsabil\u0103 de aten\u021bie, \u00eenv\u0103\u021bare \u0219i comportament.\n\n\n\nImpact general: Hormonii de stres elibera\u021bi \u00een timpul momentelor de \u201esufocare\u201d cresc tensiunea arterial\u0103, pot favoriza inflama\u021biile cronice \u0219i altereaz\u0103 echilibrul metabolic.\n\n\n\n\nSemnale de alarm\u0103\n\n\n\n\nRespira\u021bie zgomotoas\u0103 sau pe gur\u0103: Copilul (sau adultul) doarme cu gura deschis\u0103, sfor\u0103ie, se foie\u0219te frecvent \u0219i pare c\u0103 se \u201e\u00eeneac\u0103\u201d \u00een somn.\n\n\n\nDificult\u0103\u021bi de concentrare \u0219i comportament: Un copil neodihnit poate deveni iritabil, neast\u00e2mp\u0103rat \u0219i s\u0103 prezinte simptome asem\u0103n\u0103toare ADHD-ului.\n\n\n\nProbleme ortodontice \u0219i anatomice: Maxilare \u00eenguste, din\u021bi \u00eenghesui\u021bi, amigdale sau polipi m\u0103ri\u021bi pot bloca suplimentar c\u0103ile aeriene.\n\n\n\n\n\n\n\n\nConexiunea cu dieta \u0219i stilul de via\u021b\u0103\n\n\n\n\nDieta moale \u0219i lipsa mastica\u021biei: Alimentele preponderent procesate \u0219i moi reduc stimularea maxilarelor, care astfel r\u0103m\u00e2n \u00eenguste. C\u00e2nd spa\u021biul este limitat, limba nu mai poate sta confortabil pe palat, iar respira\u021bia nazal\u0103 devine dificil\u0103.\n\n\n\nLipsa al\u0103pt\u0103rii prelungite \u0219i frenul lingual: Bebelu\u0219ii care nu se hr\u0103nesc corect la s\u00e2n sau prezint\u0103 un fren scurt \u00ee\u0219i pot forma obiceiul de a respira pe gur\u0103 \u00eenc\u0103 de la c\u00e2teva luni de via\u021b\u0103.\n\n\n\n\nEfectele pe termen lung\n\n\n\n\nCre\u0219tere \u0219i dezvoltare: O respira\u021bie eficient\u0103 \u0219i un somn suficient ajut\u0103 la secre\u021bia optim\u0103 a hormonilor de cre\u0219tere \u0219i la maturarea s\u0103n\u0103toas\u0103 a creierului.\n\n\n\nPerforman\u021be \u0219colare \u0219i comportamentale: Somnul fragmentat poate duce la probleme de aten\u021bie, hiperactivitate \u0219i dificult\u0103\u021bi de \u00eenv\u0103\u021bare.\n\n\n\nRisc pentru afec\u021biuni cronice: Un somn de proast\u0103 calitate se asociaz\u0103 cu obezitatea, bolile cardiovasculare, diabetul \u0219i alte probleme inflamatorii.\n\n\n\n\n\n\n\n\nCe putem face?\n\n\n\n\nIdentificarea timpurie: Observa\u021bi copiii \u00een primele ore de somn, c\u0103uta\u021bi pauze respiratorii, sfor\u0103it \u0219i respira\u021bie pe gur\u0103.\n\n\n\nEvaluare medical\u0103 \u0219i dentar\u0103: Control ORL (polipi, amigdale mari), ortodont (maxilare \u00eenguste, din\u021bi \u00eenghesui\u021bi), fren lingual.\n\n\n\nTerapie miofunc\u021bional\u0103 \u0219i metode de reantrenare a respira\u021biei: Exerci\u021bii pentru pozi\u021bionarea corect\u0103 a limbii, respira\u021bia nazal\u0103 \u0219i \u00eenghi\u021bire corect\u0103.\n\n\n\nAdaptarea dietei: Introducerea alimentelor ce necesit\u0103 mestecat, reducerea zaharurilor \u0219i evitarea hranei exclusiv moi.\n\n\n\nPosibile interven\u021bii ortodontice sau chirurgicale: Expansiunea palatului pentru a l\u0103rgi c\u0103ile nazale, \u00eendep\u0103rtarea amigdalelor sau polipilor \u00een cazurile severe.\n\n\n\n\n\u00cen concluzie \n\n\n\nSufocarea \u00een somn nu e doar un eveniment inconfortabil; este strig\u0103tul corpului c\u0103 nu prime\u0219te suficient aer. \u00cen era modern\u0103, cauzele pornesc de la transform\u0103rile anatomice ale fe\u021bei p\u00e2n\u0103 la dieta moale \u0219i lipsa unei respira\u021bii nazale adecvate. Dar, printr-o abordare interdisciplinar\u0103 \u0219i aten\u021bie sporit\u0103 \u00eenc\u0103 din copil\u0103rie, putem preveni \u0219i trata aceste probleme, asigur\u00e2nd copiilor no\u0219tri (\u0219i nou\u0103 \u00een\u0219ine) condi\u021biile optime pentru un somn profund, o respira\u021bie corect\u0103 \u0219i o s\u0103n\u0103tate robust\u0103.\n\t<\/div>\n\n\t<div class=\"post-masonry_top_part bottom_posts_expanded\">\n\t\t<div class=\"row\">\n\t\t\t\t\t\t\t<div class=\"col-xs-12\">\n\t\t\t\t\t<span class=\"post-masonry_author\">IOMFT<\/span>\n\t\t\t\t\t<span class=\"post-masonry_date\">on <time datetime=\"2025-07-11T12:09:17+00:00\">July 11, 2025<\/time><\/span>\n\t\t\t\t<\/div>\n\t\t\t\t\t<\/div>\n\t<\/div>\n<\/div>\n\n\t\t\t<\/article>\n\t<\/div>\t<div class=\"col-sm-12 col-xs-12 col-md-6 col-xl-6 col-xxl-4 col-xxxl-3 animate-on-screen js--animate-on-screen\"  style=\"padding-left: px!important; padding-right: px!important\" >\n\t\t\t<article id=\"post-387\" class=\"post-masonry __layout_masonry __standard post-387 post type-post status-publish format-standard has-post-thumbnail hentry category-respiratia-orala category-sforaitul category-sufocarea\" style=\" margin: px;   height: px!important; \">\n\t\t\t\n<a href=\"https:\/\/blog.iomft.ro\/index.php\/2025\/07\/11\/sufocarea-in-somn-povestea-unui-semnal-de-alarma\/\" title=\"Sufocarea \u00een somn: povestea unui semnal de alarm\u0103\" class=\"post-masonry_img-lk\">\n\t\t\t\t<img loading=\"lazy\" decoding=\"async\" width=\"510\" height=\"340\" src=\"https:\/\/blog.iomft.ro\/wp-content\/uploads\/2025\/07\/copil-dormind-cu-gura-deschisa-1-510x340.png\" class=\"post-masonry_img wp-post-image\" alt=\"\" title=\"Sufocarea \u00een somn: povestea unui semnal de alarm\u0103\" srcset=\"https:\/\/blog.iomft.ro\/wp-content\/uploads\/2025\/07\/copil-dormind-cu-gura-deschisa-1-510x340.png 510w, https:\/\/blog.iomft.ro\/wp-content\/uploads\/2025\/07\/copil-dormind-cu-gura-deschisa-1-900x600.png 900w\" sizes=\"auto, (max-width: 510px) 100vw, 510px\" \/>\t\t\t<\/a>\n<div class=\"post-masonry_desc-w\">\n\t\t<div class=\"post-masonry_cat post_cat_h\">\n\t\t<a href=\"https:\/\/blog.iomft.ro\/index.php\/category\/respiratia-orala\/\" rel=\"category tag\">Respira\u021bia oral\u0103<\/a>, <a href=\"https:\/\/blog.iomft.ro\/index.php\/category\/sforaitul\/\" rel=\"category tag\">Sfor\u0103itul<\/a>, <a href=\"https:\/\/blog.iomft.ro\/index.php\/category\/sufocarea\/\" rel=\"category tag\">Sufocarea<\/a>\t<\/div>\n\n\t<header><h2 class=\"post-masonry_h\"><a href=\"https:\/\/blog.iomft.ro\/index.php\/2025\/07\/11\/sufocarea-in-somn-povestea-unui-semnal-de-alarma\/\" class=\"post-grid_lk\" rel=\"bookmark\">Sufocarea \u00een somn: povestea unui semnal de alarm\u0103<\/a><\/h2><\/header>\n\n\n\t<div class=\"post-masonry_desc\">\n\t\t\nImagineaz\u0103-\u021bi o sear\u0103 obi\u0219nuit\u0103: casa e lini\u0219tit\u0103, iar copilul t\u0103u doarme profund \u00een p\u0103tu\u021b. Dintr-odat\u0103, \u00eel auzi sco\u021b\u00e2nd un oftat brusc, ca \u0219i cum l-ar fi \u00een\u021bepat ceva. Tresare, pare agitat \u0219i trage aerul cu dificultate. Pentru c\u00e2teva clipe, r\u0103m\u00e2i nemi\u0219cat\u0103, ascult\u00e2ndu-i respira\u021bia sacadat\u0103. Apoi, copilul se relaxeaz\u0103, aparent lini\u0219tit, \u0219i adoarme la loc. \u201eO fi doar un vis ur\u00e2t\u201d, \u00ee\u021bi spui, \u00eencerc\u00e2nd s\u0103 te lini\u0219te\u0219ti.\n\n\n\nDar \u201evisul ur\u00e2t\u201d se tot repet\u0103, iar acele c\u00e2teva secunde de \u201elips\u0103 de aer\u201d se instaleaz\u0103 aproape noapte de noapte. De fiecare dat\u0103, inima \u00ee\u021bi bate mai tare c\u00e2nd auzi cum cel mic se \u201e\u00eeneac\u0103\u201d \u00een somn, ca \u0219i cum ceva \u00eei blocheaz\u0103 respira\u021bia. Dac\u0103 ai putea s\u0103 intri, pentru o clip\u0103, \u00een culisele corpului s\u0103u, ai descoperi un mecanism delicat, dar esen\u021bial: fluxul de aer c\u0103tre pl\u0103m\u00e2ni este oprit, mu\u0219chii g\u00e2tului \u0219i ai limbii s-au relaxat peste m\u0103sur\u0103, iar calea aerian\u0103 s-a \u00eengustat exact c\u00e2t s\u0103 \u00eel \u201etrezeasc\u0103\u201d pe creierul copilului din somn \u0219i s\u0103 \u00eei cear\u0103 s\u0103 respire din nou. Creierul porne\u0219te sistemele de alarm\u0103 \u0219i restabile\u0219te fluxul de aer salvator.\n\n\n\n\n\n\n\nAceast\u0103 \u201elips\u0103 de aer\u201d sau sufocare \u00een somn nu e un episod \u00eent\u00e2mpl\u0103tor. Ea semnalizeaz\u0103 o lupt\u0103 invizibil\u0103 pe care organismul o duce noapte de noapte pentru a ob\u021bine oxigen. \u00cen acele secunde de \u201epauz\u0103\u201d respiratorie, nivelul de oxigen din s\u00e2nge \u00eencepe s\u0103 scad\u0103, iar creierul, sim\u021bind pericolul, elibereaz\u0103 hormoni de stres precum adrenalina. Copilul se treze\u0219te brusc, de parc\u0103 ar fi tras la suprafa\u021b\u0103 din ap\u0103 dup\u0103 o scufundare prea lung\u0103. Senza\u021bia poate sem\u0103na cu un \u00eenec\u2014pentru cei mici, e dificil de descris, dar corpul lor reac\u021bioneaz\u0103 ca atare, printr-o \u201eg\u00e2f\u00e2ial\u0103\u201d care sperie \u0219i p\u0103rintele, \u0219i copilul.\n\n\n\nDac\u0103 privim din exterior, sufocarea \u00een somn pare un episod intens, \u00eens\u0103 scurt. Copilul se mi\u0219c\u0103, se foie\u0219te, redeschide c\u0103ile respiratorii\u2014\u0219i gata, criza a trecut. Dar, pe termen lung, aceste \u00eentreruperi repetate pot transforma somnul \u00eentr-o perioad\u0103 obositoare, lipsit\u0103 de odihna at\u00e2t de necesar\u0103 cre\u0219terii \u0219i dezvolt\u0103rii. Creierul nu mai intr\u0103 \u00een etapele profunde de refacere, iar organismul r\u0103m\u00e2ne \u00eentr-o stare de alert\u0103. Iar consecin\u021bele se pot vedea pe timpul zilei: un copil mai iritabil, mai obosit, cu dificult\u0103\u021bi de concentrare \u0219i, uneori, probleme de comportament confundate cu hiperactivitatea.\n\n\n\n\n\n\n\n\u00cen mod ironic, semnul pe care \u00eel auzim adesea, sfor\u0103itul, e doar v\u00e2rful aisbergului. Chiar dac\u0103 unii copii nu sfor\u0103ie puternic, pot avea momente de sufocare nocturn\u0103 mai pu\u021bin zgomotoase, dar la fel de periculoase. \u00cen acela\u0219i timp, respira\u021bia pe gur\u0103, aparent banal\u0103, devine o \u201epoart\u0103 de intrare\u201d pentru aer nefiltrat \u0219i mai rece, ceea ce contribuie la inflama\u021bii \u0219i congestii repetate. \u00cen plus, obiceiul de a \u021bine gura deschis\u0103 modific\u0103, \u00een timp, structura maxilarelor, c\u0103ile respiratorii \u0219i chiar postura.\n\n\n\nPentru p\u0103rin\u021bii care se confrunt\u0103 cu astfel de scene nocturne, e important s\u0103 \u0219tie c\u0103 aceste episoade de sufocare pot fi un semn al apneei obstructive de somn la copii. Dar la fel de important e c\u0103 exist\u0103 solu\u021bii \u0219i speciali\u0219ti capabili s\u0103 detecteze \u0219i s\u0103 trateze aceast\u0103 tulburare. Uneori, e nevoie de o simpl\u0103 evaluare ORL pentru a observa amigdale sau polipi m\u0103ri\u021bi, alteori e necesar\u0103 colaborarea cu un ortodont, care s\u0103 corecteze forma maxilarelor. Terapia miofunc\u021bional\u0103 \u0219i metodele de antrenare a respira\u021biei nazale pot, la r\u00e2ndul lor, s\u0103 rezolve disfunc\u021bii care au prins r\u0103d\u0103cini \u00eenc\u0103 din copil\u0103rie.\n\n\n\n\n\n\n\nPentru a-\u021bi da seama dac\u0103 cel mic se confrunt\u0103 cu astfel de episoade, un prim pas poate fi s\u0103-l observi atent \u00een primele ore de somn, eventual s\u0103-l filmezi discret \u00een timp ce doarme, ca s\u0103 surprinzi episoadele de \u201e\u00eenecare\u201d. Dac\u0103 le descoperi, nu te mul\u021bumi doar cu a le \u201epune pe seama\u201d unui somn agitat. Informeaz\u0103-te, discut\u0103 cu un specialist, cere evalu\u0103ri mai am\u0103nun\u021bite.\n\n\n\nSufocarea \u00een somn nu este doar un eveniment \u00eensp\u0103im\u00e2nt\u0103tor pentru un p\u0103rinte sau un copil. E \u0219i un strig\u0103t al corpului, care cere ajutor. Iar prin identificarea timpurie a cauzei\u2014fie ea legat\u0103 de o obstruc\u021bie a c\u0103ilor aeriene, de respira\u021bia pe gur\u0103 sau de o anomalie a maxilarului\u2014\u0219i printr-un plan de tratament adecvat, aceste nop\u021bi fr\u0103m\u00e2ntate se pot transforma \u00een nop\u021bi lini\u0219tite, cu somn profund \u0219i regenerant. \u00cen cele din urm\u0103, copilul t\u0103u va avea nu doar un somn lini\u0219tit, ci \u0219i un drum asigurat spre o cre\u0219tere armonioas\u0103, lipsit\u0103 de grijile unui \u201e\u00eenec nocturn\u201d ce, altfel, ar putea s\u0103-i umbreasc\u0103 copil\u0103ria.\n\n\n\nSufocarea \u00een somn: un semn alarmant al apneei de somn\n\n\n\nApneea de somn este o tulburare respiratorie frecvent subestimat\u0103, caracterizat\u0103 prin pauze temporare \u00een respira\u021bie pe parcursul nop\u021bii. Unul dintre cele mai alarmante simptome asociate acestei afec\u021biuni este senza\u021bia de \u201esufocare \u00een somn\u201d. De\u0219i poate p\u0103rea un episod trec\u0103tor sau un simplu \u201e\u00eenecat din cauza unei pozi\u021bii incomode\u201d, repetarea acestor episoade poate semnala o problem\u0103 profund\u0103, cu impact semnificativ asupra s\u0103n\u0103t\u0103\u021bii generale.\n\n\n\n1. De ce apare \u201esufocarea\u201d \u00een timpul somnului?\n\n\n\nApneea obstructiv\u0103 \u2013 c\u00e2nd c\u0103ile aeriene se \u00eengusteaz\u0103\n\n\n\nCauza principal\u0103 a \u201esufoc\u0103rii\u201d din timpul somnului este apneea obstructiv\u0103 de somn. \u00cen aceast\u0103 form\u0103 de apnee, mu\u0219chii g\u00e2tului \u0219i ai limbii se relaxeaz\u0103 excesiv, iar spa\u021biul prin care circul\u0103 aerul devine prea \u00eengust sau se blocheaz\u0103 complet. Practic, aerul nu mai poate trece liber prin c\u0103ile respiratorii, iar creierul semnaleaz\u0103 \u201elipsa de oxigen\u201d provoc\u00e2nd o trezire brusc\u0103 sau un oftat puternic.\n\n\n\nRolul dioxidului de carbon\n\n\n\nUn aspect adesea neglijat \u00een discu\u021biile despre apneea de somn este rela\u021bia dintre dioxidul de carbon (CO\u2082) \u0219i oxigen. Majoritatea oamenilor cred c\u0103 dioxidul de carbon este un simplu \u201eprodus rezidual\u201d. \u00cen realitate, CO\u2082 este esen\u021bial pentru declan\u0219area reflexului de a respira. Atunci c\u00e2nd respir\u0103m \u00een exces sau pe gur\u0103, elimin\u0103m prea mult CO\u2082, ceea ce poate duce la mici dezechilibre care cresc riscul de apnee. \u00cen timpul nop\u021bii, dac\u0103 nivelul de CO\u2082 scade prea mult, creierul poate \u201e\u00eentrerupe\u201d respira\u021bia pentru a-l readuce la normal. Aceast\u0103 \u201e\u00eentrerupere\u201d se resimte ca un moment de sufocare.\n\n\n\nRespira\u021bia pe gur\u0103 \u0219i factorii anatomiciMul\u021bi oameni dezvolt\u0103 respira\u021bie oral\u0103 fie din cauza unei r\u0103celi prelungite \u00een copil\u0103rie, fie din cauza unor obstruc\u021bii nazale (polipi, devia\u021bie de sept). C\u00e2nd gura r\u0103m\u00e2ne deschis\u0103, aerul nu mai este filtrat, \u00eenc\u0103lzit \u0219i umidificat, ceea ce favorizeaz\u0103 inflama\u021bia amigdalelor sau a altor \u021besuturi din g\u00e2t. \u00cen timp, aceast\u0103 inflama\u021bie poate \u00eengusta c\u0103ile aeriene, amplific\u00e2nd predispozi\u021bia la \u201esufocare\u201d \u00een somn. De asemenea, maxilarele \u00eenguste sau palatul \u00eenalt reduc spa\u021biul pentru limb\u0103, care poate aluneca \u00een spate \u00een timpul somnului, obstruc\u021bion\u00e2nd \u0219i mai mult fluxul de aer.\n\n\n\n\n\n\n\n2. Ce se \u00eent\u00e2mpl\u0103 \u00een corp \u00een timpul episoadelor de sufocare?\n\n\n\nSc\u0103derea brusc\u0103 a oxigenului\n\n\n\n\u00cen mod normal, creierul \u0219i musculatura corpului se relaxeaz\u0103 \u00een timpul somnului, intr\u00e2nd \u00eentr-un proces de refacere esen\u021bial pentru s\u0103n\u0103tate. \u00cens\u0103, \u00een momentul \u00een care fluxul de aer este blocat, nivelul de oxigen \u00eencepe s\u0103 scad\u0103. Creierul reac\u021bioneaz\u0103 rapid la acest deficit prin declan\u0219area unei alarme interne: elibereaz\u0103 hormoni de stres (adrenalin\u0103, cortizol), ceea ce provoac\u0103 trezirea \u0219i \u201ereluarea\u201d respira\u021biei. Persoana poate avea impresia c\u0103 se \u201e\u00eeneac\u0103\u201d sau c\u0103 s-a trezit sufocat\u0103, de multe ori \u00eenso\u021bit\u0103 de un oftat sau de o respira\u021bie accelerat\u0103.\n\n\n\nFragmentarea somnului \u0219i stresul cronic\n\n\n\nRepetarea frecvent\u0103 a acestor episoade de sufocare duce la fragmentarea somnului. De\u0219i persoana poate adormi la loc imediat, calitatea somnului scade considerabil, iar creierul nu intr\u0103 \u00een acele etape profunde \u0219i regeneratoare (somn NREM profund \u0219i REM). Pe termen lung, acest tipar provoac\u0103:\n\n\n\n\nOboseal\u0103 diurn\u0103 \u0219i dificult\u0103\u021bi de concentrare.\n\n\n\nIritabilitate \u0219i schimb\u0103ri bru\u0219te de dispozi\u021bie.\n\n\n\nReac\u021bii emo\u021bionale exagerate, deoarece organismul r\u0103m\u00e2ne \u00eentr-o stare de stres cronic cauzat de \u201ealarmarea\u201d permanent\u0103 din timpul nop\u021bii.\n\n\n\n\n\n\n\n\n3. Consecin\u021bele \u201esufoc\u0103rii\u201d \u00een somn asupra s\u0103n\u0103t\u0103\u021bii\n\n\n\nProbleme cardiace \u0219i metabolice\n\n\n\nLipsa de oxigen repetat\u0103 \u0219i secre\u021bia constant\u0103 de hormoni de stres pot duce la cre\u0219terea tensiunii arteriale \u0219i la alte disfunc\u021bii cardiovasculare. \u00cen plus, persoanele care se confrunt\u0103 cu apnee \u0219i sufocare \u00een somn pot constata modific\u0103ri ale metabolismului, av\u00e2nd un apetit crescut pentru dulciuri sau carbohidra\u021bi simpli. Aceasta poate duce \u00een timp la cre\u0219terea \u00een greutate \u0219i la un risc mai mare de diabet de tip 2.\n\n\n\nTulbur\u0103ri de comportament \u0219i de aten\u021bie la copii\n\n\n\nLa copii, episoadele de sufocare nocturn\u0103 pot fi \u0219i mai grave, deoarece creierul lor este \u00een plin proces de dezvoltare. Un somn neodihnitor afecteaz\u0103 concentrarea, \u00eenv\u0103\u021barea, memoria \u0219i poate duce la comportamente hiperactive sau chiar la diagnostice gre\u0219ite de ADHD. Mai mult, respira\u021bia oral\u0103 \u0219i obstruc\u021biile nazale pot cauza modific\u0103ri faciale (fe\u021be lungi, arcade dentare str\u00e2mte), inflama\u021bii ORL repetate (amigdalite, polipi) \u0219i dificult\u0103\u021bi la \u00eenghi\u021bire.\n\n\n\nSfor\u0103itul \u0219i sufocarea: semnale ignorate\n\n\n\nDe multe ori, sufocarea \u00een somn este precedat\u0103 sau \u00eenso\u021bit\u0103 de sfor\u0103it \u2013 un semn c\u0103 aerul trece turbulent prin c\u0103ile respiratorii \u00eengustate. Totu\u0219i, nu orice sfor\u0103it indic\u0103 apnee, dar atunci c\u00e2nd devine cronic sau intens \u0219i este urmat de pauze respiratorii, trebuie investigat de speciali\u0219ti. Sfor\u0103itul cronic la copii \u0219i adul\u021bi poate fi privit ca un \u201efar ro\u0219u\u201d al s\u0103n\u0103t\u0103\u021bii respiratorii.\n\n\n\n\n\n\n\n4. Strategii pentru a preveni \u0219i trata episoadele de sufocare \u00een somn\n\n\n\nEvaluare \u0219i diagnostic\n\n\n\nPrimul pas este un consult medical, care poate include:\n\n\n\n\nEvaluare ORL: Depistarea polipilor, devia\u021biei de sept, amigdalelor m\u0103rite sau a altor obstruc\u021bii.\n\n\n\nStudiu de somn (polisomnografie): M\u0103soar\u0103 activitatea creierului, respira\u021bia, satura\u021bia de oxigen \u0219i alte variabile \u00een timpul nop\u021bii, permi\u021b\u00e2nd un diagnostic precis al apneei.\n\n\n\nExamen ortodontic: Maxilarele \u00eenguste sau palatul \u00eenalt pot fi identificate printr-o simpl\u0103 radiografie sau analiz\u0103 cefalometric\u0103.\n\n\n\n\nReantrenarea respira\u021biei nazale\n\n\n\nChiar dac\u0103 exist\u0103 factori anatomici care contribuie la apnee, un procent semnificativ din episoadele de sufocare pot fi ameliorate prin trecerea la respira\u021bia nazal\u0103. Metode precum:\n\n\n\n\nTerapia miofunc\u021bional\u0103: Un set de exerci\u021bii orofaciale ce implic\u0103 limba, buzele \u0219i musculatura g\u00e2tului, pentru a corecta pozi\u021bia lor \u0219i a \u00eencuraja respira\u021bia pe nas.\n\n\n\nMetodele Buteyko: Exerci\u021bii menite s\u0103 regleze ritmul respirator \u0219i s\u0103 creasc\u0103 toleran\u021ba la CO\u2082, reduc\u00e2nd hiper-ventila\u021bia \u0219i asigur\u00e2nd un aport de oxigen echilibrat.\n\n\n\nDispozitive adjuvante (Myotape sau dilatatoare nazale): Men\u021bin gura \u00eenchis\u0103 \u0219i c\u0103ile nazale deschise, prevenind respira\u021bia oral\u0103 \u0219i episoadele de sfor\u0103it.\n\n\n\n\nTratament ortodontic \u0219i chirurgical (dac\u0103 este cazul)\n\n\n\n\nExpansiunea maxilarului: Corectarea palatului \u00eengust la copii \u0219i adolescen\u021bi poate elibera spa\u021biul pentru limb\u0103, reduc\u00e2nd obstruc\u021biile.\n\n\n\n\u00cendep\u0103rtarea amigdalelor sau a polipilor: Dac\u0103 sunt m\u0103rite \u0219i blocheaz\u0103 c\u0103ile aeriene, medicul ORL poate recomanda o procedur\u0103 chirurgical\u0103.\n\n\n\n\nCPAP (Continuous Positive Airway Pressure): Un dispozitiv care asigur\u0103 un flux de aer constant, men\u021bin\u00e2nd c\u0103ile respiratorii deschise \u00een timpul somnului. Este des utilizat \u00een apneea moderat-sever\u0103, mai ales la adul\u021bi.\n\n\n\n\n\n\n\nSchimbarea stilului de via\u021b\u0103\n\n\n\nO serie de modific\u0103ri simple pot ameliora considerabil simptomele:\n\n\n\n\nGreutate optim\u0103: Excesul ponderal, chiar \u0219i la copii, cre\u0219te riscul de apnee \u0219i sufocare.\n\n\n\nEvitarea mesei bogate \u0219i a consumului de alcool \u00eenainte de culcare: Diminueaz\u0103 episoadele de relaxare excesiv\u0103 a mu\u0219chilor g\u00e2tului \u0219i refluxul gastroesofagian.\n\n\n\nProgram de somn regulat: Culcatul \u0219i trezitul la acelea\u0219i ore sprijin\u0103 calitatea \u0219i coeren\u021ba somnului.\n\n\n\n\nHidratarea \u0219i igiena nazal\u0103: Spray-urile saline \u0219i evitarea alergenilor pot men\u021bine pasajele nazale curate \u0219i deschise.\n\n\n\n5. Concluzie\n\n\n\nSufocarea \u00een somn, de\u0219i sperie at\u00e2t adultul c\u00e2t \u0219i copilul prin intensitatea momentului, nu este un simplu episod inofensiv. Ea reprezint\u0103, de fapt, un semnal de alarm\u0103 pe care corpul \u00eel trimite pentru a anun\u021ba un blocaj \u00een respira\u021bie. Repetarea acestor episoade de \u201e\u00eentrerupere\u201d a oxigen\u0103rii poate avea efecte semnificative asupra s\u0103n\u0103t\u0103\u021bii fizice \u0219i emo\u021bionale: oboseal\u0103 cronic\u0103, tulbur\u0103ri de comportament, predispozi\u021bie la boli cardiovasculare \u0219i sc\u0103derea randamentului \u0219colar ori profesional.\n\n\n\nIdentificarea timpurie a cauzelor \u2013 fie c\u0103 vorbim de obstruc\u021bii anatomice la nivelul nasului \u0219i g\u00e2tului, fie de un obicei de a respira pe gur\u0103 \u2013 este esen\u021bial\u0103. Prin consultarea speciali\u0219tilor (ORL, ortodont, terapeut miofunc\u021bional) \u0219i adoptarea unor m\u0103suri personalizate (exerci\u021bii de respira\u021bie, corec\u021bii ortodontice sau interven\u021bii chirurgicale), apneea \u0219i sufocarea pot fi controlate \u0219i, \u00een multe cazuri, chiar eliminate. Rezultatul: un somn lini\u0219tit, o respira\u021bie corect\u0103 \u0219i o via\u021b\u0103 mai s\u0103n\u0103toas\u0103, \u00een care energia \u0219i buna dispozi\u021bie revin la normal.\n\n\n\n\n\t<\/div>\n\n\t<div class=\"post-masonry_top_part bottom_posts_expanded\">\n\t\t<div class=\"row\">\n\t\t\t\t\t\t\t<div class=\"col-xs-12\">\n\t\t\t\t\t<span class=\"post-masonry_author\">IOMFT<\/span>\n\t\t\t\t\t<span class=\"post-masonry_date\">on <time datetime=\"2025-07-11T11:26:55+00:00\">July 11, 2025<\/time><\/span>\n\t\t\t\t<\/div>\n\t\t\t\t\t<\/div>\n\t<\/div>\n<\/div>\n\n\t\t\t<\/article>\n\t<\/div>\t<div class=\"col-sm-12 col-xs-12 col-md-6 col-xl-6 col-xxl-4 col-xxxl-3 animate-on-screen js--animate-on-screen\"  style=\"padding-left: px!important; padding-right: px!important\" >\n\t\t\t<article id=\"post-370\" class=\"post-masonry __layout_masonry __standard post-370 post type-post status-publish format-standard has-post-thumbnail hentry category-respiratia-orala category-sforaitul category-sufocarea\" style=\" margin: px;   height: px!important; \">\n\t\t\t\n<a href=\"https:\/\/blog.iomft.ro\/index.php\/2025\/07\/11\/sufocarea-in-somn-sau-apneea-in-somn-la-copii-cum-identificam-simptomele-si-cum-tratam-aceasta-afectiune-ghid-complet-pentru-parinti\/\" title=\"Sufocarea \u00een somn, sau Apneea \u00een somn la copii. Cum identificam simptomele \u0219i cum trat\u0103m aceast\u0103 afec\u021biune. Ghid Complet pentru P\u0103rin\u021bi\" class=\"post-masonry_img-lk\">\n\t\t\t\t<img loading=\"lazy\" decoding=\"async\" width=\"510\" height=\"340\" src=\"https:\/\/blog.iomft.ro\/wp-content\/uploads\/2025\/07\/copil-dormind-cu-gura-deschisa-510x340.png\" class=\"post-masonry_img wp-post-image\" alt=\"copil dormind cu gura deschisa\" title=\"Sufocarea \u00een somn, sau Apneea \u00een somn la copii. Cum identificam simptomele \u0219i cum trat\u0103m aceast\u0103 afec\u021biune. Ghid Complet pentru P\u0103rin\u021bi\" \/>\t\t\t<\/a>\n<div class=\"post-masonry_desc-w\">\n\t\t<div class=\"post-masonry_cat post_cat_h\">\n\t\t<a href=\"https:\/\/blog.iomft.ro\/index.php\/category\/respiratia-orala\/\" rel=\"category tag\">Respira\u021bia oral\u0103<\/a>, <a href=\"https:\/\/blog.iomft.ro\/index.php\/category\/sforaitul\/\" rel=\"category tag\">Sfor\u0103itul<\/a>, <a href=\"https:\/\/blog.iomft.ro\/index.php\/category\/sufocarea\/\" rel=\"category tag\">Sufocarea<\/a>\t<\/div>\n\n\t<header><h2 class=\"post-masonry_h\"><a href=\"https:\/\/blog.iomft.ro\/index.php\/2025\/07\/11\/sufocarea-in-somn-sau-apneea-in-somn-la-copii-cum-identificam-simptomele-si-cum-tratam-aceasta-afectiune-ghid-complet-pentru-parinti\/\" class=\"post-grid_lk\" rel=\"bookmark\">Sufocarea \u00een somn, sau Apneea \u00een somn la copii. Cum identificam simptomele \u0219i cum trat\u0103m aceast\u0103 afec\u021biune. Ghid Complet pentru P\u0103rin\u021bi<\/a><\/h2><\/header>\n\n\n\t<div class=\"post-masonry_desc\">\n\t\t\n1. Ce este apneea de somn?\n\n\n\nSufocarea, apneea \u00een somn, apneea obstructiv\u0103 sau sindromul de apnee \u00een somn sunt denumirile aceleia\u0219i afec\u021biuni caracterizat\u0103 de pauze temporare ale respira\u021biei pe durata somnului, cauzate \u00een principal de obstruc\u021bia c\u0103ilor aeriene (apnee obstructiv\u0103). La copii, acest fenomen poate trece neobservat, deoarece manifest\u0103rile nu sunt mereu evidente \u0219i de multe ori sunt puse pe seama unor r\u0103celi sau chiar simptome care nu merit\u0103 aten\u021bie.\n\n\n\nTotu\u0219i, semne precum respira\u021bia pe gur\u0103, sfor\u0103itul frecvent \u0219i somnul agitat pot indica un blocaj respirator. O caracteristic\u0103 esen\u021bial\u0103 a unei respira\u021bii s\u0103n\u0103toase este respira\u021bia nazal\u0103 \u2013 nasul fiind prima linie de ap\u0103rare \u00eempotriva bacteriilor, virusurilor, polenului \u0219i prafului. \u00cen momentul \u00een care copilul respir\u0103 predominant pe gur\u0103, aerul nu mai este filtrat \u0219i \u00eenc\u0103lzit, cresc\u00e2nd riscul de infec\u021bii, alergii \u0219i, \u00een timp, dezvoltarea apneei obstructive.\n\n\n\n\n\n\n\nCopil dormind cu gura deschis\u0103 \u2013 posibil semn al apneei de somn.\n\n\n\n2. Importan\u021ba apneei \u00een dezvoltarea copilului \u0219i adolescentului\n\n\n\nApneea de somn nu reprezint\u0103 doar o problem\u0103 respiratorie izolat\u0103, ci influen\u021beaz\u0103 \u00een mod direct cre\u0219terea \u0219i maturizarea copilului. C\u00e2nd oxigenul nu ajunge suficient la creier \u00een timpul nop\u021bii, procesele de regenerare \u0219i consolidare a informa\u021biei se \u00eentrerup. Copilul se treze\u0219te obosit, devine iritabil, iar pe termen lung, randamentul \u0219colar \u0219i comportamentul pot fi afectate. \u00cen plus, respira\u021bia oral\u0103 asociat\u0103 apneei poate produce modific\u0103ri ale structurii faciale (maxilare \u00eenguste, arcade dentare str\u00e2mte), cresc\u00e2nd riscul de carii, boli gingivale \u0219i infec\u021bii ORL repetate.\n\n\n\n\u00cen concluzie, afectarea programului normal de odihna \u0219i refacere a capacit\u0103\u021bii creierului si a organelor vine cu un cost foarte mare la v\u00e2rstele mici \u0219i aduce dup\u0103 sine tulbur\u0103ri vizibile sau silen\u021bioase mult \u00een maturitate.\n\n\n\nPrin urmare, identificarea la timp a apneei \u0219i asigurarea unei respira\u021bii nazale corecte sunt factori-cheie \u00een dezvoltarea armonioas\u0103 a copiilor \u0219i adolescen\u021bilor.\n\n\n\n\n\n\n\n3. Efectele apneei de somn asupra dezvolt\u0103rii copilului\n\n\n\nC\u00e2nd un copil are apnee \u00een somn, corpul s\u0103u intr\u0103 frecvent \u00eentr-o stare de \u201ealarm\u0103\u201d pe durata nop\u021bii, deoarece episoadele de blocare a c\u0103ilor aeriene (\u0219i sc\u0103derea nivelului de oxigen) \u00eel determin\u0103 s\u0103 se trezeasc\u0103 brusc. Astfel, somnul devine fragmentat, iar etapele de somn profund (NREM) \u0219i visare (REM) \u2013 esen\u021biale pentru cre\u0219tere \u0219i consolidarea memoriei \u2013 sunt \u00eentrerupte. Pe termen scurt, acest lucru se traduce prin oboseal\u0103, dificult\u0103\u021bi de concentrare, hiperactivitate \u0219i chiar agresivitate. Pe termen lung, consecin\u021bele pot fi \u0219i mai grave:\n\n\n\n\n\u00cent\u00e2rzierea dezvolt\u0103rii osoase \u0219i faciale: Respira\u021bia oral\u0103 cronic\u0103 duce la fe\u021be \u00eenguste, arcade dentare str\u00e2mte \u0219i z\u00e2mbete gingivale.\n\n\n\nRisc crescut de infec\u021bii ORL: Aerul nefiltrat, care intr\u0103 direct pe gur\u0103, supra\u00eencarc\u0103 amigdalele \u0219i polipii, cresc\u00e2nd inflama\u021bia \u0219i m\u0103rirea lor.\n\n\n\nPerforman\u021be \u0219colare slabe: Lipsa somnului odihnitor afecteaz\u0103 aten\u021bia, memoria \u0219i puterea de decizie.\n\n\n\nTulbur\u0103ri emo\u021bionale \u0219i comportamentale: Un copil cu apnee poate fi diagnosticat eronat cu ADHD, anxietate sau depresie, c\u00e2nd, de fapt, problema principal\u0103 este respira\u021bia deficitar\u0103.\n\n\n\n\n\u00cen plus, sc\u0103derea nivelurilor de dioxid de carbon determin\u0103 creierul s\u0103 \u201eopreasc\u0103\u201d temporar respira\u021bia (apnei) pentru a reechilibra gazele sanguine. Aceast\u0103 dinamica perturb\u0103 mecanismele naturale de refacere a organismului. De aceea, tratamentul \u0219i monitorizarea apneei, \u00eempreun\u0103 cu reeducarea respira\u021biei nazale, devin cruciale pentru a evita complica\u021biile majore.\n\n\n\n\n\n\n\n4. Principalele leg\u0103turi \u00eentre o respira\u021bie deficitar\u0103 \u00een timpul somnului (apnee obstructiv\u0103) \u0219i alte func\u021bii adiacente\n\n\n\n\nS\u0103n\u0103tatea oro-dentar\u0103: Un copil care doarme cu gura deschis\u0103 \u0219i are episoade de apnee este predispus la carii, gingivite \u0219i malocluzii.\n\n\n\nSistemul imunitar: Respir\u00e2nd pe gur\u0103, se pierd func\u021biile de filtrare \u0219i umidificare, cresc\u00e2nd riscul de infec\u021bii recurente \u0219i inflama\u021bii cronice.\n\n\n\nReglarea emo\u021bional\u0103: Un somn perturbat de apnee favorizeaz\u0103 eliberarea hormonilor de stres (adrenalin\u0103, cortizol), afect\u00e2nd echilibrul emo\u021bional \u0219i comportamentul copilului.\n\n\n\nPerforman\u021bele cognitive: \u00centreruperile frecvente ale somnului scad capacitatea de concentrare, de memorare \u0219i de luare a deciziilor, cu impact negativ asupra performan\u021belor \u0219colare.\n\n\n\nDezvoltarea fizic\u0103 \u0219i postural\u0103: \u00cen lipsa unei respira\u021bii nazale corecte, pot ap\u0103rea fe\u021be alungite, maxilare \u00eenguste \u0219i o postur\u0103 inadecvat\u0103, cu capul aplecat \u00eenainte.\n\n\n\n\n\n\n\n\n5. De ce apare apneea de somn?\n\n\n\nApneea obstructiv\u0103 la copii survine atunci c\u00e2nd c\u0103ile aeriene superioare se blocheaz\u0103 par\u021bial sau total \u00een timpul somnului, \u00eentrerup\u00e2nd fluxul normal de aer. Exist\u0103 mai multe cauze:\n\n\n\n\nHipertrofia amigdalelor \u0219i polipilor: M\u0103rite, blocheaz\u0103 semnificativ c\u0103ile respiratorii.\n\n\n\nRespira\u021bia cronic\u0103 pe gur\u0103: Devine un obicei vicios, mai ales dup\u0103 episoade repetate de congestie nazal\u0103.\n\n\n\nAnatomie craniofacial\u0103: Maxilare \u00eenguste, palat \u00eenalt \u0219i limb\u0103 de dimensiuni normale, f\u0103r\u0103 spa\u021biu suficient \u00een cavitatea bucal\u0103.\n\n\n\nExces de greutate: Mai rar la copii, dar poate cre\u0219te rezisten\u021ba c\u0103ilor aeriene.\n\n\n\nAlergii \u0219i inflama\u021bii ORL: Congestia nazal\u0103 repetat\u0103 favorizeaz\u0103 respira\u021bia oral\u0103 \u0219i apneea.\n\n\n\n\n\n\n\n\n6. Cum identific\u0103m dac\u0103 copilul nostru are probleme de respira\u021bie? Semnale de alarm\u0103 noaptea\n\n\n\nPrimul indiciu al apneei obstructive poate fi sfor\u0103itul puternic \u0219i constant, \u00eens\u0103 nu este singurul semn. Copilul se poate foi mereu \u00een pat, \u00ee\u0219i poate str\u00e2nge cear\u0219aful, transpir\u0103 excesiv \u0219i are episoade frecvente de trezire brusc\u0103. Alte semnale de alarm\u0103 includ:\n\n\n\n\nRespira\u021bie pe gur\u0103 (cu buzele uscate \u0219i nasul aparent \u201e\u00eenfundat\u201d)\n\n\n\nEpisoade de oprire a respira\u021biei pentru c\u00e2teva secunde, urmate de un oftat sau o respira\u021bie accelerat\u0103\n\n\n\nScr\u00e2\u0219nirea din\u021bilor (bruxism), care indic\u0103 stres muscular \u0219i tensiune la nivelul maxilarelor\n\n\n\nSomn agitat, cu co\u0219maruri frecvente sau chiar enurezis (udatul patului)\n\n\n\nDificult\u0103\u021bi de trezire diminea\u021ba \u0219i oboseal\u0103 persistent\u0103 pe parcursul zilei\n\n\n\n\nDac\u0103 observi aceste simptome, un consult la medicul ORL, pediatru sau ortodont este esen\u021bial pentru a evalua cauzele \u0219i a stabili un plan de tratament. Cu c\u00e2t se intervine mai devreme, cu at\u00e2t riscul de complica\u021bii pe termen lung scade.\n\n\n\n\n\n\n\n7. Chestionarul problemelor de respira\u021bie la copii (Chestionarul BEARS)\n\n\n\nCompleta\u021bi Chestionarul BEARS pentru a evalua tiparele de somn, posibilele episoade de apnee \u0219i nivelul de odihn\u0103 al copilului. Rezultatele pot oferi indicii clare despre prezen\u021ba unor tulbur\u0103ri de somn \u0219i pot fi discutate cu medicul specialist.\n\n\n\n8. Solu\u021bii: Cum rezolv\u0103m problemele de respira\u021bie?\n\n\n\n\nTerapie miofunc\u021bional\u0103: Exerci\u021biile orofaciale \u0219i de reantrenare a respira\u021biei, precum metodele Buteyko, ajut\u0103 la corectarea respira\u021biei orale \u0219i la cre\u0219terea tonusului muscular din zona g\u00e2tului \u0219i a limbii.\n\n\n\nOrtodon\u021bie interceptiv\u0103: Extinderea maxilarului prin dispozitive speciale poate crea spa\u021biu adecvat pentru limb\u0103 \u0219i favoriza respira\u021bia nazal\u0103.\n\n\n\nEvaluare ORL: Depistarea polipilor, amigdalelor m\u0103rite sau a altor obstruc\u021bii. \u00cen unele cazuri, interven\u021bia chirurgical\u0103 devine necesar\u0103 pentru a elibera c\u0103ile aeriene.\n\n\n\nDispozitive de respira\u021bie nazal\u0103: Dilatatoare, benzi Myotape \u0219i spray-uri saline, care sus\u021bin respira\u021bia pe nas \u0219i reduc sfor\u0103itul.\n\n\n\nIgien\u0103 a somnului \u0219i nutri\u021bie corect\u0103: Un program de somn regulat, evitarea zah\u0103rului \u00een exces, consumul de alimente bogate \u00een vitamine (A, D, K2) \u0219i fibre.\n\n\n\nExerci\u021bii de respira\u021bie \u0219i postur\u0103: Tehnicile de relaxare \u0219i men\u021binerea unei posturi corecte pot diminua stresul \u0219i impulsul de a respira pe gur\u0103.\n\n\n\n\n\n\n\n\n9. Ce este IOMFT?\n\n\n\nIOMFT (Institutul de Ortoposturologie \u0219i Terapie Orofacial\u0103 Miofunc\u021bional\u0103 din Rom\u00e2nia) este un centru dedicat prevenirii \u0219i trat\u0103rii problemelor respiratorii, de somn \u0219i de dezvoltare craniofacial\u0103 la copii \u0219i adul\u021bi. Aici se \u00eembin\u0103 specialit\u0103\u021bi precum ORL, ortodon\u021bie, terapie miofunc\u021bional\u0103, logopedie, pediatrie, consultan\u021b\u0103 \u00een lacta\u021bie, osteopatie \u0219i kinetoterapie. Filosofia IOMFT se bazeaz\u0103 pe conceptul c\u0103 respira\u021bia nazal\u0103 corect\u0103 \u0219i echilibrul orofacial stau la baza unei s\u0103n\u0103t\u0103\u021bi optime.Institutul ofer\u0103 cursuri, workshop-uri, materiale educa\u021bionale \u0219i programe de terapie integrate, orientate spre preven\u021bie \u0219i interven\u021bie timpurie. Scopul principal este de a ajuta familiile \u0219i speciali\u0219tii s\u0103 recunoasc\u0103 semnele tulbur\u0103rilor respiratorii (precum apneea de somn) \u0219i s\u0103 intervin\u0103 cu metode personalizate. \u00cen plus, IOMFT promoveaz\u0103 principiile alimenta\u021biei s\u0103n\u0103toase \u0219i exerci\u021biilor de respira\u021bie, consider\u00e2ndu-le elemente esen\u021biale pentru o dezvoltare armonioas\u0103.\n\n\n\n10. Abordarea IOMFT\n\n\n\nLa IOMFT, interven\u021bia \u00eencepe cu o evaluare cuprinz\u0103toare a pacientului, urm\u0103rind aspecte precum respira\u021bia nazal\u0103, pozi\u021bia limbii, postura, obiceiurile de somn \u0219i dieta. Dincolo de simpla \u201egestionare\u201d a problemei, se pune accent pe descoperirea cauzelor profunde \u0219i pe solu\u021bii durabile. Aceast\u0103 abordare implic\u0103 colaborarea \u00eentre speciali\u0219ti: ORL-i\u0219ti care evalueaz\u0103 obstruc\u021biile anatomice, ortodon\u021bi care corecteaz\u0103 maxilarele \u0219i terapeu\u021bi miofunc\u021bionali care reeduc\u0103 respira\u021bia \u0219i musculatura orofacial\u0103. Prin integrarea exerci\u021biilor Buteyko, a benzilor Myotape \u0219i a altor metode adjuvante, IOMFT asigur\u0103 un plan de tratament unic, menit s\u0103 ofere copiilor un somn lini\u0219tit \u0219i o dezvoltare s\u0103n\u0103toas\u0103.\n\n\n\n11. Procedurile multidisciplinare\n\n\n\nApneea de somn nu poate fi tratat\u0103 eficient printr-o singur\u0103 specialitate. Abordarea multidisciplinar\u0103 este esen\u021bial\u0103 pentru a rezolva problemele de respira\u021bie \u0219i a preveni complica\u021biile ulterioare. \u00cen cadrul IOMFT, medicii ORL identific\u0103 sau corecteaz\u0103 obstruc\u021biile (polipi, amigdalite), ortodon\u021bii regleaz\u0103 dimensiunea \u0219i forma maxilarelor, iar terapeu\u021bii miofunc\u021bionali redefinesc tiparul respirator \u0219i postura limbii. Kinetoterapeu\u021bii \u0219i osteopa\u021bii sprijin\u0103 realinierea corporal\u0103, \u00een timp ce nutri\u021bioni\u0219tii \u0219i consultan\u021bii \u00een lacta\u021bie ofer\u0103 sfaturi pentru a asigura un stil de via\u021b\u0103 s\u0103n\u0103tos. Aceast\u0103 cooperare asigur\u0103 o recuperare complex\u0103 \u0219i asigur\u0103 fiec\u0103rui copil \u0219ansa de a respira corect \u0219i de a se dezvolta optim.\n\n\n\nCe ai de facut?\n\n\n\nSuntem al\u0103turi de fiecare p\u0103rinte \u0219i \u00een cadrul acestei platforme vei g\u0103si toate informa\u021biile \u0219i pa\u0219ii pe care \u00eei ai de parcurs pentru a rezolva problemele sau a forma deprinderile s\u0103n\u0103toase ale celui mic.\n\n\n\nPrimul pas este s\u0103 completezi acest chestionar \u0219i s\u0103 ni-l trimi\u021bi. Acest lucru se va putea face dac\u0103 \u00ee\u021bi vei \u00eenregistra un profil pe platforma noastr\u0103.\n\n\n\n\u00cen urma evalu\u0103rii r\u0103spunsurilor tale, te vom contactacta \u0219i \u00ee\u021bi vom prezenta observa\u021bile noastre \u0219i care sunt pa\u0219ii urm\u0103tori.\n\n\n\n\n\t<\/div>\n\n\t<div class=\"post-masonry_top_part bottom_posts_expanded\">\n\t\t<div class=\"row\">\n\t\t\t\t\t\t\t<div class=\"col-xs-12\">\n\t\t\t\t\t<span class=\"post-masonry_author\">IOMFT<\/span>\n\t\t\t\t\t<span class=\"post-masonry_date\">on <time datetime=\"2025-07-11T10:08:55+00:00\">July 11, 2025<\/time><\/span>\n\t\t\t\t<\/div>\n\t\t\t\t\t<\/div>\n\t<\/div>\n<\/div>\n\n\t\t\t<\/article>\n\t<\/div>\t<div class=\"col-sm-12 col-xs-12 col-md-6 col-xl-6 col-xxl-4 col-xxxl-3 animate-on-screen js--animate-on-screen\"  style=\"padding-left: px!important; padding-right: px!important\" >\n\t\t\t<article id=\"post-353\" class=\"post-masonry __layout_masonry __standard post-353 post type-post status-publish format-standard has-post-thumbnail hentry category-respiratia-orala category-sforaitul category-sufocarea\" style=\" margin: px;   height: px!important; \">\n\t\t\t\n<a href=\"https:\/\/blog.iomft.ro\/index.php\/2025\/07\/11\/sufocarea-in-somn-sau-apneea-obstructiva-la-copii-un-simptom-cu-cauze-si-un-impact-complexe-asupra-dezvoltarii-viitorului-adult\/\" title=\"Sufocarea \u00een somn sau apneea obstructiv\u0103 la copii, un simptom cu cauze \u0219i un impact complexe asupra dezvolt\u0103rii viitorului adult.\" class=\"post-masonry_img-lk\">\n\t\t\t\t<img loading=\"lazy\" decoding=\"async\" width=\"510\" height=\"340\" src=\"https:\/\/blog.iomft.ro\/wp-content\/uploads\/2025\/07\/sufocarea-in-somn-510x340.png\" class=\"post-masonry_img wp-post-image\" alt=\"Apneea in somn\" title=\"Sufocarea \u00een somn sau apneea obstructiv\u0103 la copii, un simptom cu cauze \u0219i un impact complexe asupra dezvolt\u0103rii viitorului adult.\" \/>\t\t\t<\/a>\n<div class=\"post-masonry_desc-w\">\n\t\t<div class=\"post-masonry_cat post_cat_h\">\n\t\t<a href=\"https:\/\/blog.iomft.ro\/index.php\/category\/respiratia-orala\/\" rel=\"category tag\">Respira\u021bia oral\u0103<\/a>, <a href=\"https:\/\/blog.iomft.ro\/index.php\/category\/sforaitul\/\" rel=\"category tag\">Sfor\u0103itul<\/a>, <a href=\"https:\/\/blog.iomft.ro\/index.php\/category\/sufocarea\/\" rel=\"category tag\">Sufocarea<\/a>\t<\/div>\n\n\t<header><h2 class=\"post-masonry_h\"><a href=\"https:\/\/blog.iomft.ro\/index.php\/2025\/07\/11\/sufocarea-in-somn-sau-apneea-obstructiva-la-copii-un-simptom-cu-cauze-si-un-impact-complexe-asupra-dezvoltarii-viitorului-adult\/\" class=\"post-grid_lk\" rel=\"bookmark\">Sufocarea \u00een somn sau apneea obstructiv\u0103 la copii, un simptom cu cauze \u0219i un impact complexe asupra dezvolt\u0103rii viitorului adult.<\/a><\/h2><\/header>\n\n\n\t<div class=\"post-masonry_desc\">\n\t\t\nSufocarea sau apneea obstructiv\u0103 la copii: cum o recuno\u0219ti \u0219i ce solu\u021bii exist\u0103\n\n\n\nCe este apneea de somn?\n\n\n\nApneea de somn reprezint\u0103 o \u00eentrerupere temporar\u0103 a respira\u021biei \u00een timpul somnului, cauzat\u0103 de obstruc\u021bia c\u0103ilor aeriene superioare. In cazul acestor simptome, respiratia se intrerupe si se reia, repetitiv, pe parcursul somnului, fara ca pacientul sa se trezeasca.\n\n\n\n\n\n\n\nLa copii, aceast\u0103 afec\u021biune este adesea subdiagnosticat\u0103, deoarece mul\u021bi p\u0103rin\u021bi nu recunosc semnalele de alarm\u0103. \u00cen mod normal, copilul trebuie s\u0103 respire u\u0219or \u0219i silen\u021bios, cu gura \u00eenchis\u0103, asigur\u00e2nd o oxigenare optim\u0103. \u00cen cazul apneei obstructive, mu\u0219chii g\u00e2tului \u0219i ai palatului moale se relaxeaz\u0103 excesiv, bloc\u00e2nd par\u021bial sau total trecerea aerului. Aceast\u0103 pauz\u0103 \u00een respira\u021bie poate dura c\u00e2teva secunde, \u00eenainte ca organismul s\u0103 reac\u021bioneze printr-o inspira\u021bie brusc\u0103, uneori \u00eenso\u021bit\u0103 de un oftat sau un sfor\u0103it.\n\n\n\nPopular, mai este asociata cu sforaitul sau sufocarea in somn, situatii care, de multe ori, sunt trecute cu vederea ca ceva accidental sau trecator de multe ori considerat nepericulos, care nu merita atentia parintilor. Nimic mai gresit.\n\n\n\n\n\n\n\nImportan\u021ba sindromului apneei \u00een dezvoltarea copilului \u0219i adolescentului\n\n\n\nApneea de somn la copii nu este doar un \u201eepisod respirator\u201d izolat, ci poate avea consecin\u021be semnificative asupra cre\u0219terii \u0219i dezvolt\u0103rii lor. Oxigenarea este esen\u021bial\u0103 pentru func\u021bionarea optim\u0103 a tuturor organelor, \u00een special a creierului, care la r\u00e2ndul s\u0103u coordoneaz\u0103 procesele de \u00eenv\u0103\u021bare, memorie \u0219i comportament. Un copil care experimenteaz\u0103 episoade repetate de apnee poate avea un somn fragmentat, ceea ce influen\u021beaz\u0103 eliberarea hormonilor de cre\u0219tere \u0219i reglarea emo\u021bional\u0103. \u00cen plus, apneea poate determina copilul s\u0103 adopte obiceiul de respira\u021bie pe gur\u0103, fapt ce influen\u021beaz\u0103 s\u0103n\u0103tatea oral\u0103 \u0219i postura, av\u00e2nd efecte pe termen lung asupra dezvolt\u0103rii armonioase.\n\n\n\nIn concluzie, respiratia corecta si neobstructionata are o importanta fundamentala in:\n\n\n\n\nOdihna copilului si efectul regenerator al somnului odihnitor\n\n\n\nRealizarea conditiilor esentiale de crestere sanatoasa, fizica si emotionala\n\n\n\nDeprinderea si mentinerea unei respiratii nazale sanatoase\n\n\n\n\nObtinerea unei sanatati ORL optime\n\n\n\n\n\n\n\nEfectele apneei de somn asupra dezvolt\u0103rii copilului\n\n\n\nAtunci c\u00e2nd un copil are apnee de somn, ciclurile normale ale somnului (REM \u0219i non-REM) sunt constant perturbate. Fiecare pauz\u0103 respiratorie produce o mic\u0103 trezire, chiar dac\u0103 nu \u00eentotdeauna vizibil\u0103. Astfel, somnul profund devine din ce \u00een ce mai fragmentat, iar copilul se poate trezi diminea\u021ba obosit, de\u0219i pare c\u0103 a dormit suficiente ore.Lipsa somnului odihnitor se reflect\u0103 imediat \u00een comportament \u0219i performan\u021b\u0103. Pe termen scurt, copilul poate prezenta iritabilitate, hiperactivitate sau dificult\u0103\u021bi de concentrare. Pe termen lung, episoadele frecvente de apnee pot influen\u021ba secre\u021bia hormonilor de cre\u0219tere, pun\u00e2nd \u00een pericol dezvoltarea fizic\u0103.Mai mult, respira\u021bia pe gur\u0103 asociat\u0103 cu apneea poate determina modific\u0103ri faciale: maxilare \u00eenguste, arcade dentare str\u00e2mte, fa\u021b\u0103 alungit\u0103 \u0219i postur\u0103 incorect\u0103 a capului. Pot ap\u0103rea, de asemenea, tulbur\u0103ri ORL repetate, cum ar fi otite \u0219i amigdalite, din cauza cantit\u0103\u021bii mari de aer nefiltrat care intr\u0103 direct \u00een c\u0103ile respiratorii.\u00cen cele din urm\u0103, un copil care doarme agitat \u0219i are apnee devine mai vulnerabil la probleme emo\u021bionale \u0219i de comportament. Depistarea timpurie \u0219i tratamentul adecvat pot preveni multe dintre aceste complica\u021bii \u0219i pot asigura un mediu propice pentru cre\u0219terea \u0219i dezvoltarea echilibrat\u0103.\n\n\n\n\n\n\n\nPrincipalele leg\u0103turi \u00eentre o respira\u021bie deficitar\u0103 \u00een timpul somnului (apnee obstructiv\u0103) \u0219i alte func\u021bii adiacenteApneea obstructiv\u0103 de somn nu se rezum\u0103 doar la discontinuit\u0103\u021bi respiratorii pe timpul nop\u021bii, ci influen\u021beaz\u0103 o serie de alte procese \u0219i func\u021bii:\n\n\n\n\nComportamentul \u0219i reglarea emo\u021bional\u0103: Un copil obosit poate deveni iritabil, anxios sau hiperactiv, ceea ce afecteaz\u0103 rela\u021biile sociale \u0219i via\u021ba de familie.\n\n\n\n\n\nPostura \u0219i dezvoltarea craniofacial\u0103: C\u00e2nd copilul respir\u0103 pe gur\u0103, apare tendin\u021ba de a \u021bine b\u0103rbia \u0219i g\u00e2tul \u00eentr-o pozi\u021bie for\u021bat\u0103, ceea ce afecteaz\u0103 oasele fe\u021bei \u0219i arcada dentar\u0103.\n\n\n\n\n\nPerforman\u021bele cognitive \u0219i \u0219colare: Un somn insuficient \u0219i neodihnitor poate duce la dificult\u0103\u021bi de aten\u021bie, memorie \u0219i chiar hiperactivitate.\n\n\n\n\n\nSistemul imunitar: Episoadele repetate de apnee cresc stresul oxidativ \u0219i pot sl\u0103bi imunitatea, favoriz\u00e2nd infec\u021biile frecvente.\n\n\n\n\nDe ce apare apneea de somn?\n\n\n\n(Tulbur\u0103rile de somn la copii \u2013 spectrul de tulbur\u0103ri respiratorii, de la respira\u021bia oral\u0103 la apneea obstructiv\u0103) (~100 cuvinte + enumerare)Apneea obstructiv\u0103 la copii poate avea multiple cauze, cele mai frecvente fiind:\n\n\n\n\nM\u0103rirea amigdalelor \u0219i a vegeta\u021biilor adenoide (polipi) \u2013 Blocheaz\u0103 par\u021bial c\u0103ile respiratorii, facilit\u00e2nd pauzele respiratorii.\n\n\n\nRespira\u021bia cronic\u0103 pe gur\u0103 \u2013 Un obicei ce \u00eengusteaz\u0103 c\u0103ile nazale \u0219i accentueaz\u0103 problemele de respira\u021bie.\n\n\n\nAnomalii anatomice \u2013 Devia\u021bie de sept, maxilare \u00eenguste sau structur\u0103 anormal\u0103 a palatului moale.\n\n\n\nExces ponderal \u2013 Rareori \u00eent\u00e2lnit la copiii mici, dar totu\u0219i un factor care contribuie la obstruc\u021bia c\u0103ilor aeriene.\n\n\n\n\nAlergii \u0219i inflama\u021bii cronice \u2013 Rinita alergic\u0103 \u0219i alte inflama\u021bii pot congestiona pasajele nazale, agrav\u00e2nd episoadele de apnee.\n\n\n\n\n\n\n\nCum identific\u0103m dac\u0103 copilul nostru are probleme de respira\u021bie? Semnale de alarm\u0103 noaptea\n\n\n\nPentru un p\u0103rinte, primul indiciu poate fi faptul c\u0103 cel mic se treze\u0219te obosit sau adoarme \u00een situa\u021bii neobi\u0219nuite, precum \u00een ma\u0219in\u0103 sau la \u0219coal\u0103. Pe durata nop\u021bii, po\u021bi observa dac\u0103 respir\u0103 greu, sacadat sau dac\u0103 prezint\u0103 pauze \u00een respira\u021bie urmate de un oftat puternic. Alte semnale importante includ:\n\n\n\n\nSomn agitat \u0219i transpira\u021bii nocturne\n\n\n\nFoial\u0103 excesiv\u0103: schimb\u0103ri frecvente de pozi\u021bie \u00een pat\n\n\n\nSfor\u0103it cronic sau scr\u00e2\u0219nit din din\u021bi (bruxism)\n\n\n\nRespira\u021bie oral\u0103 \u00een mod constant, cu gura deschis\u0103\n\n\n\n\nTreziri repetitive \u00een timpul nop\u021biiDac\u0103 aceste simptome apar deseori, un consult medical de specialitate (ORL, medic pediatru, ortodont) este recomandat. Apneea netratat\u0103 la copii poate cauza dificult\u0103\u021bi de \u00eenv\u0103\u021bare, probleme de comportament \u0219i poate influen\u021ba negativ dezvoltarea fizic\u0103 \u0219i emo\u021bional\u0103.\n\n\n\nChestionarul problemelor de respira\u021bie la copii\n\n\n\n(Chestionarul BEARS)Completeaz\u0103 chestionarul pentru a evalua calitatea somnului \u0219i prezen\u021ba eventualelor episoade de apnee. Acest instrument simplu, dar eficient, \u00ee\u021bi poate oferi o imagine clar\u0103 asupra modului \u00een care copilul t\u0103u doarme \u0219i a posibilelor dificult\u0103\u021bi respiratorii. \u00cen cazul \u00een care rezultatele indic\u0103 probleme, o evaluare suplimentar\u0103 la un specialist devine necesar\u0103.\n\n\n\n\n\n\n\nSolu\u021bii: Cum rezolv\u0103m problemele de respira\u021bie?\n\n\n\n\nEvaluare ORL: Amigdalele m\u0103rite, polipii sau alte obstacole anatomice pot fi \u00eendep\u0103rtate chirurgical dac\u0103 reprezint\u0103 cauza principal\u0103 a apneei.\n\n\n\nTerapie miofunc\u021bional\u0103: Exerci\u021bii de reeducare a musculaturii orofaciale \u0219i a pozi\u021biei limbii, pentru a favoriza respira\u021bia nazal\u0103 \u0219i a stabiliza c\u0103ile aeriene.\n\n\n\nOrtodon\u021bie interceptiv\u0103: Dispozitive \u0219i tehnici pentru l\u0103rgirea maxilarului \u0219i optimizarea spa\u021biului respirator, \u00een special \u00een cazul maxilarelor \u00eenguste.\n\n\n\nControlul alergiilor \u0219i igien\u0103 nazal\u0103: Spray-uri saline, tratamentul alergiilor \u0219i evitarea alergenilor pentru a asigura un flux de aer nazal adecvat.\n\n\n\nSchimb\u0103ri \u00een stilul de via\u021b\u0103: Program regulat de somn, reducerea zah\u0103rului \u0219i a alimentelor procesate, activitate fizic\u0103 zilnic\u0103.\n\n\n\nMonitorizare post-tratament: Este esen\u021bial s\u0103 urm\u0103ri\u021bi progresul copilului dup\u0103 fiecare interven\u021bie pentru a preveni rec\u0103derile.\n\n\n\n\nCe este IOMFT?\n\n\n\nIOMFT (Institutul de Ortoposturologie \u0219i Terapie Orofacial\u0103 Miofunc\u021bional\u0103 din Rom\u00e2nia) este un centru interdisciplinar dedicat preven\u021biei \u0219i tratamentului tulbur\u0103rilor respiratorii \u0219i miofunc\u021bionale la copii. Prin reunirea speciali\u0219tilor din domenii precum ORL, ortodon\u021bie, terapie miofunc\u021bional\u0103, logopedie, pediatrie, kinetoterapie \u0219i osteopatie, IOMFT promoveaz\u0103 o abordare integrat\u0103 a s\u0103n\u0103t\u0103\u021bii copilului.Scopul principal al institutului este de a oferi solu\u021bii \u0219i educa\u021bie, at\u00e2t p\u0103rin\u021bilor, c\u00e2t \u0219i medicilor, pentru a recunoa\u0219te \u0219i trata din timp apneea de somn \u0219i alte disfunc\u021bii. \u00cen acest fel, IOMFT contribuie la cre\u0219terea copiilor \u00eentr-un mediu propice dezvolt\u0103rii armonioase, evit\u00e2nd complica\u021biile de lung\u0103 durat\u0103 cauzate de problemele de respira\u021bie pe timpul nop\u021bii. Centrul organizeaz\u0103 cursuri, ateliere \u0219i sesiuni de instruire pentru a disemina informa\u021bii actuale \u0219i practici eficiente.\n\n\n\nAbordarea IOMFT\n\n\n\nIOMFT pune accent pe preven\u021bie \u0219i identificarea semnelor timpurii ale apneei de somn \u0219i ale altor disfunc\u021bii respiratorii. Echipa institutului colaboreaz\u0103 pentru a stabili un plan terapeutic personalizat, adaptat nevoilor fiec\u0103rui copil. Prin evalu\u0103ri complexe (care urm\u0103resc respira\u021bia, postura, istoricul medical \u0219i obiceiurile zilnice), speciali\u0219tii contureaz\u0103 harta complet\u0103 a pacientului \u0219i propun solu\u021bii integrate: de la terapia miofunc\u021bional\u0103 \u0219i ortodon\u021bie interceptiv\u0103, p\u00e2n\u0103 la igien\u0103 nazal\u0103 \u0219i educa\u021bie parental\u0103. Abordarea IOMFT se bazeaz\u0103 pe colaborarea dintre diferite ramuri medicale, av\u00e2nd ca obiectiv final o cre\u0219tere \u0219i dezvoltare echilibrat\u0103 a copiilor.\n\n\n\nProcedurile multidisciplinare\n\n\n\n\u00cen cazul copiilor cu apnee de somn, o singur\u0103 specialitate nu poate acoperi toate aspectele problemei. De aceea, IOMFT reune\u0219te exper\u021bi care s\u0103 colaboreze str\u00e2ns: ORL-i\u0219ti pentru probleme anatomice (polipi, amigdalite), ortodon\u021bi pentru corec\u021bia maxilarului \u0219i alinierea dentar\u0103, terapeu\u021bi miofunc\u021bionali pentru reeducarea respira\u021biei, kinetoterapeu\u021bi \u0219i osteopa\u021bi pentru optimizarea posturii \u0219i, nu \u00een ultimul r\u00e2nd, pediatri \u0219i consultan\u021bi \u00een lacta\u021bie care s\u0103 monitorizeze dezvoltarea copilului. Aceast\u0103 abordare global\u0103 \u0219i integrat\u0103 asigur\u0103 un tratament eficient \u0219i durabil, prevenind posibilele complica\u021bii \u0219i \u00eembun\u0103t\u0103\u021bind calitatea vie\u021bii copiilor cu apnee obstructiv\u0103 de somn.\n\n\n\nCe ai de facut?\n\n\n\nSuntem al\u0103turi de fiecare p\u0103rinte \u0219i \u00een cadrul acestei platforme vei g\u0103si toate informa\u021biile \u0219i pa\u0219ii pe care \u00eei ai de parcurs pentru a rezolva problemele sau a forma deprinderile s\u0103n\u0103toase ale celui mic.\n\n\n\nPrimul pas este s\u0103 completezi acest chestionar \u0219i s\u0103 ni-l trimi\u021bi. Acest lucru se va putea face dac\u0103 \u00ee\u021bi vei \u00eenregistra un profil pe platforma noastr\u0103.\n\n\n\n\u00cen urma evalu\u0103rii r\u0103spunsurilor tale, te vom contactacta \u0219i \u00ee\u021bi vom prezenta observa\u021bile noastre \u0219i care sunt pa\u0219ii urm\u0103tori.\n\n\n\n\n\t<\/div>\n\n\t<div class=\"post-masonry_top_part bottom_posts_expanded\">\n\t\t<div class=\"row\">\n\t\t\t\t\t\t\t<div class=\"col-xs-12\">\n\t\t\t\t\t<span class=\"post-masonry_author\">IOMFT<\/span>\n\t\t\t\t\t<span class=\"post-masonry_date\">on <time datetime=\"2025-07-11T09:49:42+00:00\">July 11, 2025<\/time><\/span>\n\t\t\t\t<\/div>\n\t\t\t\t\t<\/div>\n\t<\/div>\n<\/div>\n\n\t\t\t<\/article>\n\t<\/div>\t\t<\/div>\n\t\t[\/vc_column][vc_column width=&#8221;1\/4&#8243;][vc_widget_sidebar sidebar_id=&#8221;sidebar_right&#8221;][\/vc_column][\/vc_row]<\/p>\n","protected":false},"excerpt":{"rendered":"<p>[vc_row][vc_column][rev_slider_vc alias=&#8221;blog-carousel-full-width&#8221;][vc_empty_space height=&#8221;80px&#8221;][\/vc_column][\/vc_row][vc_row][vc_column width=&#8221;3\/4&#8243;][\/vc_column][vc_column width=&#8221;1\/4&#8243;][vc_widget_sidebar sidebar_id=&#8221;sidebar_right&#8221;][\/vc_column][\/vc_row]<\/p>\n","protected":false},"author":1,"featured_media":0,"parent":0,"menu_order":0,"comment_status":"closed","ping_status":"closed","template":"","meta":{"_acf_changed":false,"footnotes":""},"class_list":["post-70","page","type-page","status-publish","hentry"],"acf":[],"yoast_head":"<!-- This site is optimized with the Yoast SEO plugin v24.6 - https:\/\/yoast.com\/wordpress\/plugins\/seo\/ -->\n<title>Masonry: Expanded with SideBar - Blog IOMFT<\/title>\n<meta name=\"robots\" content=\"noindex, follow, max-snippet:-1, max-image-preview:large, max-video-preview:-1\" \/>\n<meta property=\"og:locale\" content=\"en_US\" \/>\n<meta property=\"og:type\" content=\"article\" \/>\n<meta property=\"og:title\" content=\"Masonry: Expanded with SideBar - Blog IOMFT\" \/>\n<meta property=\"og:description\" content=\"[vc_row][vc_column][rev_slider_vc alias=&#8221;blog-carousel-full-width&#8221;][vc_empty_space height=&#8221;80px&#8221;][\/vc_column][\/vc_row][vc_row][vc_column width=&#8221;3\/4&#8243;][\/vc_column][vc_column width=&#8221;1\/4&#8243;][vc_widget_sidebar sidebar_id=&#8221;sidebar_right&#8221;][\/vc_column][\/vc_row]\" \/>\n<meta property=\"og:url\" content=\"https:\/\/blog.iomft.ro\/index.php\/masonry-expanded-sidebar\/\" \/>\n<meta property=\"og:site_name\" content=\"Blog IOMFT\" \/>\n<meta name=\"twitter:card\" content=\"summary_large_image\" \/>\n<script type=\"application\/ld+json\" class=\"yoast-schema-graph\">{\"@context\":\"https:\/\/schema.org\",\"@graph\":[{\"@type\":\"WebPage\",\"@id\":\"https:\/\/blog.iomft.ro\/index.php\/masonry-expanded-sidebar\/\",\"url\":\"https:\/\/blog.iomft.ro\/index.php\/masonry-expanded-sidebar\/\",\"name\":\"Masonry: Expanded with SideBar - Blog IOMFT\",\"isPartOf\":{\"@id\":\"https:\/\/blog.iomft.ro\/#website\"},\"datePublished\":\"2017-07-13T08:05:34+00:00\",\"breadcrumb\":{\"@id\":\"https:\/\/blog.iomft.ro\/index.php\/masonry-expanded-sidebar\/#breadcrumb\"},\"inLanguage\":\"en-US\",\"potentialAction\":[{\"@type\":\"ReadAction\",\"target\":[\"https:\/\/blog.iomft.ro\/index.php\/masonry-expanded-sidebar\/\"]}]},{\"@type\":\"BreadcrumbList\",\"@id\":\"https:\/\/blog.iomft.ro\/index.php\/masonry-expanded-sidebar\/#breadcrumb\",\"itemListElement\":[{\"@type\":\"ListItem\",\"position\":1,\"name\":\"Home\",\"item\":\"https:\/\/blog.iomft.ro\/\"},{\"@type\":\"ListItem\",\"position\":2,\"name\":\"Masonry: Expanded with SideBar\"}]},{\"@type\":\"WebSite\",\"@id\":\"https:\/\/blog.iomft.ro\/#website\",\"url\":\"https:\/\/blog.iomft.ro\/\",\"name\":\"Blog IOMFT\",\"description\":\"\",\"potentialAction\":[{\"@type\":\"SearchAction\",\"target\":{\"@type\":\"EntryPoint\",\"urlTemplate\":\"https:\/\/blog.iomft.ro\/?s={search_term_string}\"},\"query-input\":{\"@type\":\"PropertyValueSpecification\",\"valueRequired\":true,\"valueName\":\"search_term_string\"}}],\"inLanguage\":\"en-US\"}]}<\/script>\n<!-- \/ Yoast SEO plugin. -->","yoast_head_json":{"title":"Masonry: Expanded with SideBar - Blog IOMFT","robots":{"index":"noindex","follow":"follow","max-snippet":"max-snippet:-1","max-image-preview":"max-image-preview:large","max-video-preview":"max-video-preview:-1"},"og_locale":"en_US","og_type":"article","og_title":"Masonry: Expanded with SideBar - Blog IOMFT","og_description":"[vc_row][vc_column][rev_slider_vc alias=&#8221;blog-carousel-full-width&#8221;][vc_empty_space height=&#8221;80px&#8221;][\/vc_column][\/vc_row][vc_row][vc_column width=&#8221;3\/4&#8243;][\/vc_column][vc_column width=&#8221;1\/4&#8243;][vc_widget_sidebar sidebar_id=&#8221;sidebar_right&#8221;][\/vc_column][\/vc_row]","og_url":"https:\/\/blog.iomft.ro\/index.php\/masonry-expanded-sidebar\/","og_site_name":"Blog IOMFT","twitter_card":"summary_large_image","schema":{"@context":"https:\/\/schema.org","@graph":[{"@type":"WebPage","@id":"https:\/\/blog.iomft.ro\/index.php\/masonry-expanded-sidebar\/","url":"https:\/\/blog.iomft.ro\/index.php\/masonry-expanded-sidebar\/","name":"Masonry: Expanded with SideBar - Blog IOMFT","isPartOf":{"@id":"https:\/\/blog.iomft.ro\/#website"},"datePublished":"2017-07-13T08:05:34+00:00","breadcrumb":{"@id":"https:\/\/blog.iomft.ro\/index.php\/masonry-expanded-sidebar\/#breadcrumb"},"inLanguage":"en-US","potentialAction":[{"@type":"ReadAction","target":["https:\/\/blog.iomft.ro\/index.php\/masonry-expanded-sidebar\/"]}]},{"@type":"BreadcrumbList","@id":"https:\/\/blog.iomft.ro\/index.php\/masonry-expanded-sidebar\/#breadcrumb","itemListElement":[{"@type":"ListItem","position":1,"name":"Home","item":"https:\/\/blog.iomft.ro\/"},{"@type":"ListItem","position":2,"name":"Masonry: Expanded with SideBar"}]},{"@type":"WebSite","@id":"https:\/\/blog.iomft.ro\/#website","url":"https:\/\/blog.iomft.ro\/","name":"Blog IOMFT","description":"","potentialAction":[{"@type":"SearchAction","target":{"@type":"EntryPoint","urlTemplate":"https:\/\/blog.iomft.ro\/?s={search_term_string}"},"query-input":{"@type":"PropertyValueSpecification","valueRequired":true,"valueName":"search_term_string"}}],"inLanguage":"en-US"}]}},"_links":{"self":[{"href":"https:\/\/blog.iomft.ro\/index.php\/wp-json\/wp\/v2\/pages\/70","targetHints":{"allow":["GET"]}}],"collection":[{"href":"https:\/\/blog.iomft.ro\/index.php\/wp-json\/wp\/v2\/pages"}],"about":[{"href":"https:\/\/blog.iomft.ro\/index.php\/wp-json\/wp\/v2\/types\/page"}],"author":[{"embeddable":true,"href":"https:\/\/blog.iomft.ro\/index.php\/wp-json\/wp\/v2\/users\/1"}],"replies":[{"embeddable":true,"href":"https:\/\/blog.iomft.ro\/index.php\/wp-json\/wp\/v2\/comments?post=70"}],"version-history":[{"count":0,"href":"https:\/\/blog.iomft.ro\/index.php\/wp-json\/wp\/v2\/pages\/70\/revisions"}],"wp:attachment":[{"href":"https:\/\/blog.iomft.ro\/index.php\/wp-json\/wp\/v2\/media?parent=70"}],"curies":[{"name":"wp","href":"https:\/\/api.w.org\/{rel}","templated":true}]}}